{"id":37,"date":"2017-06-30T21:55:04","date_gmt":"2017-06-30T21:55:04","guid":{"rendered":"https:\/\/master.themovation.com\/embark\/grand-canyon\/?page_id=1000"},"modified":"2025-09-25T00:06:45","modified_gmt":"2025-09-25T05:06:45","slug":"go-explore-colombia-agencia","status":"publish","type":"page","link":"https:\/\/www.goexplorecolombia.com\/es\/go-explore-colombia-agencia\/","title":{"rendered":"Bienvenido a Go Explore Colombia"},"content":{"rendered":"\t\t<div data-elementor-type=\"wp-post\" data-elementor-id=\"37\" class=\"elementor elementor-37\" data-elementor-post-type=\"page\">\n\t\t\t\t\t\t<section class=\"elementor-section elementor-top-section elementor-element elementor-element-19a7f750 elementor-section-full_width elementor-hidden-mobile elementor-section-height-default elementor-section-height-default\" data-id=\"19a7f750\" data-element_type=\"section\" data-settings=\"{&quot;background_background&quot;:&quot;classic&quot;}\">\n\t\t\t\t\t\t\t<div class=\"elementor-background-overlay\"><\/div>\n\t\t\t\t\t\t\t<div class=\"elementor-container elementor-column-gap-default\">\n\t\t\t\t\t<div class=\"elementor-column elementor-col-100 elementor-top-column elementor-element elementor-element-7f6ad611\" data-id=\"7f6ad611\" data-element_type=\"column\">\n\t\t\t<div class=\"elementor-widget-wrap elementor-element-populated\">\n\t\t\t\t\t\t<div class=\"elementor-element elementor-element-01514ff elementor-widget elementor-widget-slider_revolution\" data-id=\"01514ff\" data-element_type=\"widget\" data-widget_type=\"slider_revolution.default\">\n\t\t\t\t<div class=\"elementor-widget-container\">\n\t\t\t\t\t\n\t\t<div class=\"wp-block-themepunch-revslider\">\n\t\t\t\t<p class=\"rs-p-wp-fix\"><\/p>\n\t\t\t\t<sr7-module data-alias=\"slider-1\" data-id=\"1\" id=\"SR7_1_1\" class=\"rs-ov-hidden\" data-version=\"6.7.35\">\n\t\t\t\t\t<sr7-adjuster><\/sr7-adjuster>\n\t\t\t\t\t<sr7-content>\n\t\t\t\t\t\t<sr7-slide id=\"SR7_1_1-1\" data-key=\"1\">\n\t\t\t\t\t\t<\/sr7-slide>\n\t\t\t\t\t\t<sr7-slide id=\"SR7_1_1-256\" data-key=\"256\">\n\t\t\t\t\t\t<\/sr7-slide>\n\t\t\t\t\t<\/sr7-content>\n\t\t\t\t<\/sr7-module>\n\t\t\t\t<script>\n\t\t\t\t\tSR7.PMH ??={}; SR7.PMH[\"SR7_1_1\"] = {cn:100,state:false,fn: function() { if (_tpt!==undefined && _tpt.prepareModuleHeight !== undefined) {  _tpt.prepareModuleHeight({id:\"SR7_1_1\",el:[765,765,768,960,720],type:'standard',shdw:'0',gh:[765,765,576,438,270],gw:[1360,1360,1024,778,480],vpt:['-200px'],size:{fullWidth:true, fullHeight:false},mh:'0',onh:0,onw:0,bg:{color:'{\"orig\":\"transparent\",\"type\":\"solid\",\"string\":\"transparent\"}'}});   SR7.PMH[\"SR7_1_1\"].state=true;} else if(SR7.PMH[\"SR7_1_1\"].cn-->0)\tsetTimeout( SR7.PMH[\"SR7_1_1\"].fn,19);}};SR7.PMH[\"SR7_1_1\" ].fn();\n\t\t\t\t<\/script>\n<\/div>\n\n\t\t\t\t\t\t<\/div>\n\t\t\t\t<\/div>\n\t\t\t\t\t<\/div>\n\t\t<\/div>\n\t\t\t\t\t<\/div>\n\t\t<\/section>\n\t\t\t\t<section class=\"elementor-section elementor-top-section elementor-element elementor-element-96f24e3 elementor-section-full_width elementor-hidden-desktop elementor-hidden-tablet elementor-section-height-default elementor-section-height-default\" data-id=\"96f24e3\" data-element_type=\"section\" data-settings=\"{&quot;background_background&quot;:&quot;classic&quot;}\">\n\t\t\t\t\t\t\t<div class=\"elementor-background-overlay\"><\/div>\n\t\t\t\t\t\t\t<div class=\"elementor-container elementor-column-gap-default\">\n\t\t\t\t\t<div class=\"elementor-column elementor-col-100 elementor-top-column elementor-element elementor-element-dccb29f\" data-id=\"dccb29f\" data-element_type=\"column\">\n\t\t\t<div class=\"elementor-widget-wrap elementor-element-populated\">\n\t\t\t\t\t\t<div class=\"elementor-element elementor-element-7779dc7 elementor-widget elementor-widget-slider_revolution\" data-id=\"7779dc7\" data-element_type=\"widget\" data-widget_type=\"slider_revolution.default\">\n\t\t\t\t<div class=\"elementor-widget-container\">\n\t\t\t\t\t\n\t\t<div class=\"wp-block-themepunch-revslider\">\n\t\t\t\t<p class=\"rs-p-wp-fix\"><\/p>\n\t\t\t\t<sr7-module data-alias=\"we-promise-11\" data-id=\"63\" id=\"SR7_63_2\" class=\"rs-ov-hidden\" data-version=\"6.7.35\">\n\t\t\t\t\t<sr7-adjuster><\/sr7-adjuster>\n\t\t\t\t\t<sr7-content>\n\t\t\t\t\t\t<sr7-slide id=\"SR7_63_2-248\" data-key=\"248\">\n\t\t\t\t\t\t\t<sr7-bg id=\"SR7_63_2-248-2\" class=\"sr7-layer\"><noscript><img decoding=\"async\" src=\"https:\/\/www.goexplorecolombia.com\/wp-content\/uploads\/2022\/01\/HomeGoExploreCel2.jpg\" alt=\"\" title=\"HomeGoExploreCel2\"><\/noscript><\/sr7-bg>\n\t\t\t\t\t\t<\/sr7-slide>\n\t\t\t\t\t\t<sr7-slide id=\"SR7_63_2-250\" data-key=\"250\">\n\t\t\t\t\t\t\t<sr7-bg id=\"SR7_63_2-250-4\" class=\"sr7-layer\"><noscript><img decoding=\"async\" src=\"https:\/\/www.goexplorecolombia.com\/wp-content\/uploads\/2022\/01\/HomeGoExploreCel3.jpg\" alt=\"\" title=\"HomeGoExploreCel3\"><\/noscript><\/sr7-bg>\n\t\t\t\t\t\t<\/sr7-slide>\n\t\t\t\t\t\t<sr7-slide id=\"SR7_63_2-252\" data-key=\"252\">\n\t\t\t\t\t\t\t<sr7-bg id=\"SR7_63_2-252-5\" class=\"sr7-layer\"><noscript><img decoding=\"async\" src=\"https:\/\/www.goexplorecolombia.com\/wp-content\/uploads\/2022\/01\/El-Cocuy.jpg\" alt=\"\" title=\"El Cocuy\"><\/noscript><\/sr7-bg>\n\t\t\t\t\t\t<\/sr7-slide>\n\t\t\t\t\t\t<sr7-slide id=\"SR7_63_2-253\" data-key=\"253\">\n\t\t\t\t\t\t\t<sr7-bg id=\"SR7_63_2-253-8\" class=\"sr7-layer\"><noscript><img decoding=\"async\" src=\"https:\/\/www.goexplorecolombia.com\/wp-content\/uploads\/2022\/01\/HomeGoExploreCel4.jpg\" alt=\"\" title=\"HomeGoExploreCel4\"><\/noscript><\/sr7-bg>\n\t\t\t\t\t\t<\/sr7-slide>\n\t\t\t\t\t\t<sr7-slide id=\"SR7_63_2-316\" data-key=\"316\">\n\t\t\t\t\t\t<\/sr7-slide>\n\t\t\t\t\t<\/sr7-content>\n\t\t\t\t\t<image_lists style=\"display:none\">\n\t\t\t\t\t\t<img data-rjs=\"2\" data-src=\"\/\/www.goexplorecolombia.com\/wp-content\/uploads\/2022\/01\/logo1.png\" data-libid=\"8205\" data-lib=\"medialibrary\" alt=\"Agencia de Viajes en Medell\u00edn\" title=\"logo1\" width=\"0\" height=\"0\" data-dbsrc=\"Ly93d3cuZ29leHBsb3JlY29sb21iaWEuY29tL3dwLWNvbnRlbnQvdXBsb2Fkcy8yMDIyLzAxL2xvZ28xLnBuZw==\"\/>\n\t\t\t\t\t\t<img data-rjs=\"2\" data-src=\"\/\/www.goexplorecolombia.com\/wp-content\/uploads\/2022\/01\/HomeGoExploreCel.jpg\" data-libid=\"8203\" data-lib=\"medialibrary\" title=\"HomeGoExploreCel\" width=\"0\" height=\"0\" data-dbsrc=\"Ly93d3cuZ29leHBsb3JlY29sb21iaWEuY29tL3dwLWNvbnRlbnQvdXBsb2Fkcy8yMDIyLzAxL0hvbWVHb0V4cGxvcmVDZWwuanBn\"\/>\n\t\t\t\t\t\t<img data-rjs=\"2\" data-src=\"\/\/www.goexplorecolombia.com\/wp-content\/uploads\/2022\/01\/logo2.png\" data-libid=\"8209\" data-lib=\"medialibrary\" title=\"logo2\" width=\"0\" height=\"0\" data-dbsrc=\"Ly93d3cuZ29leHBsb3JlY29sb21iaWEuY29tL3dwLWNvbnRlbnQvdXBsb2Fkcy8yMDIyLzAxL2xvZ28yLnBuZw==\"\/>\n\t\t\t\t\t\t<img data-rjs=\"2\" loading=\"lazy\" data-src=\"\/\/www.goexplorecolombia.com\/wp-content\/uploads\/2022\/01\/HomeGoExploreCel2.jpg\" data-libid=\"8207\" data-lib=\"medialibrary\" title=\"HomeGoExploreCel2\" width=\"0\" height=\"0\" data-dbsrc=\"Ly93d3cuZ29leHBsb3JlY29sb21iaWEuY29tL3dwLWNvbnRlbnQvdXBsb2Fkcy8yMDIyLzAxL0hvbWVHb0V4cGxvcmVDZWwyLmpwZw==\"\/>\n\t\t\t\t\t\t<img data-rjs=\"2\" loading=\"lazy\" data-src=\"\/\/www.goexplorecolombia.com\/wp-content\/uploads\/2022\/01\/logo2ENG.png\" data-libid=\"8211\" data-lib=\"medialibrary\" title=\"logo2ENG\" width=\"0\" height=\"0\" data-dbsrc=\"Ly93d3cuZ29leHBsb3JlY29sb21iaWEuY29tL3dwLWNvbnRlbnQvdXBsb2Fkcy8yMDIyLzAxL2xvZ28yRU5HLnBuZw==\"\/>\n\t\t\t\t\t\t<img data-rjs=\"2\" loading=\"lazy\" data-src=\"\/\/www.goexplorecolombia.com\/wp-content\/uploads\/2022\/01\/logo3ESP.png\" data-libid=\"8215\" data-lib=\"medialibrary\" title=\"logo3ESP\" width=\"0\" height=\"0\" data-dbsrc=\"Ly93d3cuZ29leHBsb3JlY29sb21iaWEuY29tL3dwLWNvbnRlbnQvdXBsb2Fkcy8yMDIyLzAxL2xvZ28zRVNQLnBuZw==\"\/>\n\t\t\t\t\t\t<img data-rjs=\"2\" loading=\"lazy\" data-src=\"\/\/www.goexplorecolombia.com\/wp-content\/uploads\/2022\/01\/HomeGoExploreCel3.jpg\" data-libid=\"8213\" data-lib=\"medialibrary\" title=\"HomeGoExploreCel3\" width=\"0\" height=\"0\" data-dbsrc=\"Ly93d3cuZ29leHBsb3JlY29sb21iaWEuY29tL3dwLWNvbnRlbnQvdXBsb2Fkcy8yMDIyLzAxL0hvbWVHb0V4cGxvcmVDZWwzLmpwZw==\"\/>\n\t\t\t\t\t\t<img data-rjs=\"2\" loading=\"lazy\" data-src=\"\/\/www.goexplorecolombia.com\/wp-content\/uploads\/2022\/01\/logo3ENG-2.png\" data-libid=\"8221\" data-lib=\"medialibrary\" title=\"logo3ENG\" width=\"0\" height=\"0\" data-dbsrc=\"Ly93d3cuZ29leHBsb3JlY29sb21iaWEuY29tL3dwLWNvbnRlbnQvdXBsb2Fkcy8yMDIyLzAxL2xvZ28zRU5HLTIucG5n\"\/>\n\t\t\t\t\t\t<img data-rjs=\"2\" loading=\"lazy\" data-src=\"\/\/www.goexplorecolombia.com\/wp-content\/uploads\/2022\/01\/logo4ESP.png\" data-libid=\"8225\" data-lib=\"medialibrary\" title=\"logo4ESP\" width=\"0\" height=\"0\" data-dbsrc=\"Ly93d3cuZ29leHBsb3JlY29sb21iaWEuY29tL3dwLWNvbnRlbnQvdXBsb2Fkcy8yMDIyLzAxL2xvZ280RVNQLnBuZw==\"\/>\n\t\t\t\t\t\t<img data-rjs=\"2\" loading=\"lazy\" data-src=\"\/\/www.goexplorecolombia.com\/wp-content\/uploads\/2022\/01\/El-Cocuy.jpg\" data-libid=\"8223\" data-lib=\"medialibrary\" title=\"El Cocuy\" width=\"0\" height=\"0\" data-dbsrc=\"Ly93d3cuZ29leHBsb3JlY29sb21iaWEuY29tL3dwLWNvbnRlbnQvdXBsb2Fkcy8yMDIyLzAxL0VsLUNvY3V5LmpwZw==\"\/>\n\t\t\t\t\t\t<img data-rjs=\"2\" loading=\"lazy\" data-src=\"\/\/www.goexplorecolombia.com\/wp-content\/uploads\/2022\/01\/logo5ESP.png\" data-libid=\"8231\" data-lib=\"medialibrary\" title=\"logo5ESP\" width=\"0\" height=\"0\" data-dbsrc=\"Ly93d3cuZ29leHBsb3JlY29sb21iaWEuY29tL3dwLWNvbnRlbnQvdXBsb2Fkcy8yMDIyLzAxL2xvZ281RVNQLnBuZw==\"\/>\n\t\t\t\t\t\t<img data-rjs=\"2\" loading=\"lazy\" data-src=\"\/\/www.goexplorecolombia.com\/wp-content\/uploads\/2022\/01\/HomeGoExploreCel4.jpg\" data-libid=\"8229\" data-lib=\"medialibrary\" title=\"HomeGoExploreCel4\" width=\"0\" height=\"0\" data-dbsrc=\"Ly93d3cuZ29leHBsb3JlY29sb21iaWEuY29tL3dwLWNvbnRlbnQvdXBsb2Fkcy8yMDIyLzAxL0hvbWVHb0V4cGxvcmVDZWw0LmpwZw==\"\/>\n\t\t\t\t\t<\/image_lists>\n\t\t\t\t<\/sr7-module>\n\t\t\t\t<script>\n\t\t\t\t\tSR7.PMH ??={}; SR7.PMH[\"SR7_63_2\"] = {cn:100,state:false,fn: function() { if (_tpt!==undefined && _tpt.prepareModuleHeight !== undefined) {  _tpt.prepareModuleHeight({id:\"SR7_63_2\",el:[750,750,750,750,720],type:'standard',shdw:'0',gh:[750,750,750,750,720],gw:[1360,1360,1360,1360,480],vpt:['-200px&#039;,&#039;-200px&#039;,&#039;-200px&#039;,&#039;-200px&#039;,&#039;-200px'],size:{fullWidth:true, fullHeight:false},mh:'0',onh:0,onw:0,bg:{color:'{\"orig\":\"transparent\",\"type\":\"solid\",\"string\":\"transparent\"}'}});   SR7.PMH[\"SR7_63_2\"].state=true;} else if(SR7.PMH[\"SR7_63_2\"].cn-->0)\tsetTimeout( SR7.PMH[\"SR7_63_2\"].fn,19);}};SR7.PMH[\"SR7_63_2\" ].fn();\n\t\t\t\t<\/script>\n<\/div>\n\n\t\t\t\t\t\t<\/div>\n\t\t\t\t<\/div>\n\t\t\t\t\t<\/div>\n\t\t<\/div>\n\t\t\t\t\t<\/div>\n\t\t<\/section>\n\t\t\t\t<section class=\"elementor-section elementor-top-section elementor-element elementor-element-gowitxi elementor-section-boxed elementor-section-height-default elementor-section-height-default\" data-id=\"gowitxi\" data-element_type=\"section\" data-settings=\"{&quot;background_background&quot;:&quot;classic&quot;}\">\n\t\t\t\t\t\t<div class=\"elementor-container elementor-column-gap-default\">\n\t\t\t\t\t<div class=\"elementor-column elementor-col-100 elementor-top-column elementor-element elementor-element-uuaieho\" data-id=\"uuaieho\" data-element_type=\"column\" data-settings=\"{&quot;background_background&quot;:&quot;classic&quot;}\">\n\t\t\t<div class=\"elementor-widget-wrap elementor-element-populated\">\n\t\t\t\t\t\t<div class=\"elementor-element elementor-element-c727589 elementor-widget elementor-widget-menu-anchor\" data-id=\"c727589\" data-element_type=\"widget\" data-widget_type=\"menu-anchor.default\">\n\t\t\t\t<div class=\"elementor-widget-container\">\n\t\t\t\t\t\t\t<div class=\"elementor-menu-anchor\" id=\"about\"><\/div>\n\t\t\t\t\t\t<\/div>\n\t\t\t\t<\/div>\n\t\t\t\t<div class=\"elementor-element elementor-element-bxytc1z elementor-widget elementor-widget-spacer\" data-id=\"bxytc1z\" data-element_type=\"widget\" data-widget_type=\"spacer.default\">\n\t\t\t\t<div class=\"elementor-widget-container\">\n\t\t\t\t\t\t\t<div class=\"elementor-spacer\">\n\t\t\t<div class=\"elementor-spacer-inner\"><\/div>\n\t\t<\/div>\n\t\t\t\t\t\t<\/div>\n\t\t\t\t<\/div>\n\t\t\t\t<div class=\"elementor-element elementor-element-96335ad elementor-widget elementor-widget-text-editor\" data-id=\"96335ad\" data-element_type=\"widget\" data-widget_type=\"text-editor.default\">\n\t\t\t\t<div class=\"elementor-widget-container\">\n\t\t\t\t\t\t\t\t\t<p style=\"text-align: center;\"><span style=\"font-size: 18pt; color: #4790cd;\"><strong>QUEREMOS INVITARTE<\/strong><\/span><\/p><p style=\"text-align: center;\"><span style=\"color: #98ca3c;\"><strong><span style=\"font-size: 24pt;\">A DISFRUTAR<\/span><\/strong><\/span><\/p><p style=\"text-align: center;\"><span style=\"font-size: 30pt; color: #f8981e;\"><strong>DE UN PA\u00cdS M\u00c1GICO<\/strong><\/span><\/p>\t\t\t\t\t\t\t\t<\/div>\n\t\t\t\t<\/div>\n\t\t\t\t<div class=\"elementor-element elementor-element-206bc4c elementor-view-default elementor-position-top elementor-widget elementor-widget-themo-header\" data-id=\"206bc4c\" data-element_type=\"widget\" data-widget_type=\"themo-header.default\">\n\t\t\t\t<div class=\"elementor-widget-container\">\n\t\t\t\t\t\t\t<div class=\"th-header-wrap\">\n        <div class=\"elementor-icon-box-wrapper \">\n                            <div class=\"elementor-icon-box-content\">\n                    <h1 class=\"elementor-icon-box-title\">\n                                            <\/h1>\n                                        <p class=\"elementor-icon-box-description\">Colombia es un destino m\u00e1gico, un pa\u00eds lleno de historias, culturas y colores que sorprenden, \u00a0despertando nuestra curiosidad por recorrer cada uno de sus rincones. Recorrimos todos nuestros destinos para llevarte de la mano a vivir las \u00a0mejores experiencias; esas que sabemos que ning\u00fan \u00a0plan tur\u00edstico ofrece, porque nacen en el camino \u00a0con las personas que te acompa\u00f1an y durante la\ncotidianidad de un viaje con amigos.\n\nJuntos conoceremos y descubriremos lugares y sensaciones: compartiremos con los locales nutriendo nuestro esp\u00edritu viajero con sus historias, podremos perdernos en la inmensidad de una playa \u00a0desierta y probar frutas que ni sab\u00edas que exist\u00edan.<\/p>\n\n                                    <\/div>\n            <\/div>\n\n        <\/div>\n\n\t\t\t\t\t\t<\/div>\n\t\t\t\t<\/div>\n\t\t\t\t<div class=\"elementor-element elementor-element-s7duzvt elementor-widget elementor-widget-spacer\" data-id=\"s7duzvt\" data-element_type=\"widget\" data-widget_type=\"spacer.default\">\n\t\t\t\t<div class=\"elementor-widget-container\">\n\t\t\t\t\t\t\t<div class=\"elementor-spacer\">\n\t\t\t<div class=\"elementor-spacer-inner\"><\/div>\n\t\t<\/div>\n\t\t\t\t\t\t<\/div>\n\t\t\t\t<\/div>\n\t\t\t\t\t<\/div>\n\t\t<\/div>\n\t\t\t\t\t<\/div>\n\t\t<\/section>\n\t\t\t\t<section class=\"elementor-section elementor-top-section elementor-element elementor-element-uvumwpf elementor-section-boxed elementor-section-height-default elementor-section-height-default\" data-id=\"uvumwpf\" data-element_type=\"section\" id=\"tours\" data-settings=\"{&quot;background_background&quot;:&quot;classic&quot;}\">\n\t\t\t\t\t\t\t<div class=\"elementor-background-overlay\"><\/div>\n\t\t\t\t\t\t\t<div class=\"elementor-container elementor-column-gap-default\">\n\t\t\t\t\t<div class=\"elementor-column elementor-col-100 elementor-top-column elementor-element elementor-element-pxjtojl\" data-id=\"pxjtojl\" data-element_type=\"column\">\n\t\t\t<div class=\"elementor-widget-wrap elementor-element-populated\">\n\t\t\t\t\t\t<div class=\"elementor-element elementor-element-rriapxc elementor-widget elementor-widget-spacer\" data-id=\"rriapxc\" data-element_type=\"widget\" data-widget_type=\"spacer.default\">\n\t\t\t\t<div class=\"elementor-widget-container\">\n\t\t\t\t\t\t\t<div class=\"elementor-spacer\">\n\t\t\t<div class=\"elementor-spacer-inner\"><\/div>\n\t\t<\/div>\n\t\t\t\t\t\t<\/div>\n\t\t\t\t<\/div>\n\t\t\t\t<div class=\"elementor-element elementor-element-bb0df97 elementor-widget elementor-widget-menu-anchor\" data-id=\"bb0df97\" data-element_type=\"widget\" data-widget_type=\"menu-anchor.default\">\n\t\t\t\t<div class=\"elementor-widget-container\">\n\t\t\t\t\t\t\t<div class=\"elementor-menu-anchor\" id=\"tours\"><\/div>\n\t\t\t\t\t\t<\/div>\n\t\t\t\t<\/div>\n\t\t\t\t<div class=\"elementor-element elementor-element-ilyhfrv elementor-view-default elementor-position-top elementor-widget elementor-widget-themo-header\" data-id=\"ilyhfrv\" data-element_type=\"widget\" data-widget_type=\"themo-header.default\">\n\t\t\t\t<div class=\"elementor-widget-container\">\n\t\t\t\t\t\t\t<div class=\"th-header-wrap\">\n        <div class=\"elementor-icon-box-wrapper \">\n                            <div class=\"elementor-icon-box-content\">\n                    <h2 class=\"elementor-icon-box-title\">\n                        ELIGE TU AVENTURA                    <\/h2>\n                                        <p class=\"elementor-icon-box-description\">Desde experiencias de trekking, roadtrips y expediciones, hasta monta\u00f1ismo y biciturismo, aqu\u00ed empieza tu bit\u00e1cora de viaje con  Go Explore Colombia.<\/p>\n\n                                    <\/div>\n            <\/div>\n\n        <\/div>\n\n\t\t\t\t\t\t<\/div>\n\t\t\t\t<\/div>\n\t\t\t\t<div class=\"elementor-element elementor-element-vdpiynn elementor-widget elementor-widget-themo-tour-grid\" data-id=\"vdpiynn\" data-element_type=\"widget\" data-widget_type=\"themo-tour-grid.default\">\n\t\t\t\t<div class=\"elementor-widget-container\">\n\t\t\t\t\t\n                <div id=\"th-portfolio-content-69f25512efda3\" class=\"th-portfolio\">\n\n            \n                <div id=\"filters\" class=\"th-portfolio-filters\">\n                    <span>Sort:<\/span>\n                    <a href=\"#\" data-filter=\"*\" class=\"current\">All<\/a>\n                    <a href=\"#\" data-filter=\"#th-portfolio-content-69f25512efda3 .p-culturales-es\">Culturales<\/a><a href=\"#\" data-filter=\"#th-portfolio-content-69f25512efda3 .p-en-bici\">En Bici<\/a><a href=\"#\" data-filter=\"#th-portfolio-content-69f25512efda3 .p-expediciones\">Expediciones<\/a><a href=\"#\" data-filter=\"#th-portfolio-content-69f25512efda3 .p-montanismo\">Monta\u00f1ismo<\/a><a href=\"#\" data-filter=\"#th-portfolio-content-69f25512efda3 .p-roadtrip\">Roadtrip<\/a><a href=\"#\" data-filter=\"#th-portfolio-content-69f25512efda3 .p-trekking\">Trekking<\/a>                <\/div>\n\n            \n            <div id=\"th-portfolio-row\" class=\"th-portfolio-row row portfolio_content  three-columns th-port-gutter\">\n\n                                        <div id=\"post-3271\" class=\"th-portfolio-item item col-md-4 col-sm-6 p-en-bici post-3271 themo_tour type-themo_tour status-publish format-standard has-post-thumbnail hentry themo_tour_type-en-bici\">\n                            <div class=\"th-port-wrap\">\n                                <img data-rjs=\"2\" loading=\"lazy\" decoding=\"async\" width=\"605\" height=\"605\" src=\"https:\/\/www.goexplorecolombia.com\/wp-content\/uploads\/2022\/04\/Travesia-por-Antioquia-1-605x605.jpg\" class=\"img-responsive th-port-img wp-post-image\" alt=\"Bicitour por Antioquia\" \/>\n                                <div class=\"th-port-overlay\"><\/div>\n                                <div class=\"th-port-inner\">\n                                                                        <div class=\"th-port-center\">\n                                        <h3 class=\"th-port-title\">Bicitour por Antioquia &#8211; Traves\u00eda de Antioquia en Bici<\/h3>\n                                        <p class=\"th-port-sub\">Lorem ipsum dolor sit amet, consectetur adipiscing elit<\/p>                                                                                    <span class=\"th-port-btn\">VER M\u00c1S<\/span>\n                                                                            <\/div>\n                                    <a href=\"https:\/\/www.goexplorecolombia.com\/es\/tour\/bicitour-por-antioquia\/\" class=\"th-port-link\" ><\/a>                                <\/div>\n                            <\/div>\n                        <\/div>\n                                                <div id=\"post-3269\" class=\"th-portfolio-item item col-md-4 col-sm-6 p-en-bici post-3269 themo_tour type-themo_tour status-publish format-standard has-post-thumbnail hentry themo_tour_type-en-bici\">\n                            <div class=\"th-port-wrap\">\n                                <img data-rjs=\"2\" loading=\"lazy\" decoding=\"async\" width=\"605\" height=\"605\" src=\"https:\/\/www.goexplorecolombia.com\/wp-content\/uploads\/2022\/04\/Tierras-Altas-del-Norte-2-605x605.jpg\" class=\"img-responsive th-port-img wp-post-image\" alt=\"Tour por Antioquia\" \/>\n                                <div class=\"th-port-overlay\"><\/div>\n                                <div class=\"th-port-inner\">\n                                                                        <div class=\"th-port-center\">\n                                        <h3 class=\"th-port-title\">Las Tierras altas del norte<\/h3>\n                                        <p class=\"th-port-sub\">Lorem ipsum dolor sit amet, consectetur adipiscing elit<\/p>                                                                                    <span class=\"th-port-btn\">VER M\u00c1S<\/span>\n                                                                            <\/div>\n                                    <a href=\"https:\/\/www.goexplorecolombia.com\/es\/tour\/tierras-altas-del-norte-tour-por-antioquia\/\" class=\"th-port-link\" ><\/a>                                <\/div>\n                            <\/div>\n                        <\/div>\n                                                <div id=\"post-3266\" class=\"th-portfolio-item item col-md-4 col-sm-6 p-en-bici post-3266 themo_tour type-themo_tour status-publish format-standard has-post-thumbnail hentry themo_tour_type-en-bici\">\n                            <div class=\"th-port-wrap\">\n                                <img data-rjs=\"2\" loading=\"lazy\" decoding=\"async\" width=\"605\" height=\"605\" src=\"https:\/\/www.goexplorecolombia.com\/wp-content\/uploads\/2022\/04\/Panoramica-de-Occidente-1-605x605.jpg\" class=\"img-responsive th-port-img wp-post-image\" alt=\"Tour en Jard\u00edn Antioquia\" \/>\n                                <div class=\"th-port-overlay\"><\/div>\n                                <div class=\"th-port-inner\">\n                                                                        <div class=\"th-port-center\">\n                                        <h3 class=\"th-port-title\">Tour en Jard\u00edn Antioquia &#8211; Panor\u00e1mica de Occidente<\/h3>\n                                        <p class=\"th-port-sub\">Lorem ipsum dolor sit amet, consectetur adipiscing elit<\/p>                                                                                    <span class=\"th-port-btn\">VER M\u00c1S<\/span>\n                                                                            <\/div>\n                                    <a href=\"https:\/\/www.goexplorecolombia.com\/es\/tour\/tour-en-jardin-antioquia-panoramica-de-occidente\/\" class=\"th-port-link\" ><\/a>                                <\/div>\n                            <\/div>\n                        <\/div>\n                                                <div id=\"post-3264\" class=\"th-portfolio-item item col-md-4 col-sm-6 p-trekking post-3264 themo_tour type-themo_tour status-publish format-standard has-post-thumbnail hentry themo_tour_type-trekking\">\n                            <div class=\"th-port-wrap\">\n                                <img data-rjs=\"2\" loading=\"lazy\" decoding=\"async\" width=\"605\" height=\"605\" src=\"https:\/\/www.goexplorecolombia.com\/wp-content\/uploads\/2022\/04\/Expedicion-a-Ciudad-Perdida-605x605.jpg\" class=\"img-responsive th-port-img wp-post-image\" alt=\"tour a Ciudad Perdida\" \/>\n                                <div class=\"th-port-overlay\"><\/div>\n                                <div class=\"th-port-inner\">\n                                                                        <div class=\"th-port-center\">\n                                        <h3 class=\"th-port-title\">Expedici\u00f3n a Ciudad Perdida<\/h3>\n                                        <p class=\"th-port-sub\">Lorem ipsum dolor sit amet, consectetur adipiscing elit<\/p>                                                                                    <span class=\"th-port-btn\">VER M\u00c1S<\/span>\n                                                                            <\/div>\n                                    <a href=\"https:\/\/www.goexplorecolombia.com\/es\/tour\/tour-a-ciudad-perdida-expedicion-a-ciudad-perdida\/\" class=\"th-port-link\" ><\/a>                                <\/div>\n                            <\/div>\n                        <\/div>\n                                                <div id=\"post-1168\" class=\"th-portfolio-item item col-md-4 col-sm-6 p-trekking post-1168 themo_tour type-themo_tour status-publish format-standard has-post-thumbnail hentry themo_tour_type-trekking\">\n                            <div class=\"th-port-wrap\">\n                                <img data-rjs=\"2\" loading=\"lazy\" decoding=\"async\" width=\"605\" height=\"605\" src=\"https:\/\/www.goexplorecolombia.com\/wp-content\/uploads\/2022\/02\/Selvas-Secretas-de-Oriente-605x605.jpg\" class=\"img-responsive th-port-img wp-post-image\" alt=\"senderismo en Antioquia\" \/>\n                                <div class=\"th-port-overlay\"><\/div>\n                                <div class=\"th-port-inner\">\n                                                                        <div class=\"th-port-center\">\n                                        <h3 class=\"th-port-title\">Selvas Secretas del Oriente Antioque\u00f1o<\/h3>\n                                        <p class=\"th-port-sub\">Lorem ipsum dolor sit amet, consectetur adipiscing elit<\/p>                                                                                    <span class=\"th-port-btn\">VER M\u00c1S<\/span>\n                                                                            <\/div>\n                                    <a href=\"https:\/\/www.goexplorecolombia.com\/es\/tour\/senderismo-en-antioquia-selvas-secretas-del-oriente-antioqueno\/\" class=\"th-port-link\" ><\/a>                                <\/div>\n                            <\/div>\n                        <\/div>\n                                                <div id=\"post-1165\" class=\"th-portfolio-item item col-md-4 col-sm-6 p-trekking post-1165 themo_tour type-themo_tour status-publish format-standard has-post-thumbnail hentry themo_tour_type-trekking\">\n                            <div class=\"th-port-wrap\">\n                                <img data-rjs=\"2\" loading=\"lazy\" decoding=\"async\" width=\"605\" height=\"605\" src=\"https:\/\/www.goexplorecolombia.com\/wp-content\/uploads\/2022\/02\/Termales-de-Canon-605x605.jpg\" class=\"img-responsive th-port-img wp-post-image\" alt=\"trekking en Salento\" \/>\n                                <div class=\"th-port-overlay\"><\/div>\n                                <div class=\"th-port-inner\">\n                                                                        <div class=\"th-port-center\">\n                                        <h3 class=\"th-port-title\">Termales de Ca\u00f1\u00f3n &#8211; Una M\u00e1gica Traves\u00eda<\/h3>\n                                        <p class=\"th-port-sub\">Lorem ipsum dolor sit amet, consectetur adipiscing elit<\/p>                                                                                    <span class=\"th-port-btn\">VER M\u00c1S<\/span>\n                                                                            <\/div>\n                                    <a href=\"https:\/\/www.goexplorecolombia.com\/es\/tour\/trekking-en-salento-termales-de-canon-una-magica-travesia\/\" class=\"th-port-link\" ><\/a>                                <\/div>\n                            <\/div>\n                        <\/div>\n                                                <div id=\"post-1162\" class=\"th-portfolio-item item col-md-4 col-sm-6 p-trekking post-1162 themo_tour type-themo_tour status-publish format-standard has-post-thumbnail hentry themo_tour_type-trekking\">\n                            <div class=\"th-port-wrap\">\n                                <img data-rjs=\"2\" loading=\"lazy\" decoding=\"async\" width=\"605\" height=\"605\" src=\"https:\/\/www.goexplorecolombia.com\/wp-content\/uploads\/2022\/02\/Santa-Isabel-605x605.jpg\" class=\"img-responsive th-port-img wp-post-image\" alt=\"tour Nevado Santa Isabel\" \/>\n                                <div class=\"th-port-overlay\"><\/div>\n                                <div class=\"th-port-inner\">\n                                                                        <div class=\"th-port-center\">\n                                        <h3 class=\"th-port-title\">Santa Isabel &#8211; Parque Nacional Natural Los Nevados<\/h3>\n                                        <p class=\"th-port-sub\">Lorem ipsum dolor sit amet, consectetur adipiscing elit<\/p>                                                                                    <span class=\"th-port-btn\">VER M\u00c1S<\/span>\n                                                                            <\/div>\n                                    <a href=\"https:\/\/www.goexplorecolombia.com\/es\/tour\/tour-nevado-santa-isabel-santa-isabel-pnn-los-nevados\/\" class=\"th-port-link\" ><\/a>                                <\/div>\n                            <\/div>\n                        <\/div>\n                                                <div id=\"post-1159\" class=\"th-portfolio-item item col-md-4 col-sm-6 p-trekking post-1159 themo_tour type-themo_tour status-publish format-standard has-post-thumbnail hentry themo_tour_type-trekking\">\n                            <div class=\"th-port-wrap\">\n                                <img data-rjs=\"2\" loading=\"lazy\" decoding=\"async\" width=\"605\" height=\"605\" src=\"https:\/\/www.goexplorecolombia.com\/wp-content\/uploads\/2022\/02\/El-Cocuy-605x605.jpg\" class=\"img-responsive th-port-img wp-post-image\" alt=\"El Cocuy\" \/>\n                                <div class=\"th-port-overlay\"><\/div>\n                                <div class=\"th-port-inner\">\n                                                                        <div class=\"th-port-center\">\n                                        <h3 class=\"th-port-title\">El Cocuy y su majestuosa geograf\u00eda<\/h3>\n                                        <p class=\"th-port-sub\">Lorem ipsum dolor sit amet, consectetur adipiscing elit<\/p>                                                                                    <span class=\"th-port-btn\">VER M\u00c1S<\/span>\n                                                                            <\/div>\n                                    <a href=\"https:\/\/www.goexplorecolombia.com\/es\/tour\/el-cocuy\/\" class=\"th-port-link\" ><\/a>                                <\/div>\n                            <\/div>\n                        <\/div>\n                                                <div id=\"post-1156\" class=\"th-portfolio-item item col-md-4 col-sm-6 p-montanismo post-1156 themo_tour type-themo_tour status-publish format-standard has-post-thumbnail hentry themo_tour_type-montanismo\">\n                            <div class=\"th-port-wrap\">\n                                <img data-rjs=\"2\" loading=\"lazy\" decoding=\"async\" width=\"605\" height=\"605\" src=\"https:\/\/www.goexplorecolombia.com\/wp-content\/uploads\/2022\/02\/Nevado-del-Tolima-605x605.jpg\" class=\"img-responsive th-port-img wp-post-image\" alt=\"Nevado del Tolima\" \/>\n                                <div class=\"th-port-overlay\"><\/div>\n                                <div class=\"th-port-inner\">\n                                                                        <div class=\"th-port-center\">\n                                        <h3 class=\"th-port-title\">Nevado del Tolima y Termales de Ca\u00f1\u00f3n<\/h3>\n                                        <p class=\"th-port-sub\">Lorem ipsum dolor sit amet, consectetur adipiscing elit<\/p>                                                                                    <span class=\"th-port-btn\">VER M\u00c1S<\/span>\n                                                                            <\/div>\n                                    <a href=\"https:\/\/www.goexplorecolombia.com\/es\/tour\/nevado-del-tolima\/\" class=\"th-port-link\" ><\/a>                                <\/div>\n                            <\/div>\n                        <\/div>\n                                                <div id=\"post-3258\" class=\"th-portfolio-item item col-md-4 col-sm-6 p-expediciones post-3258 themo_tour type-themo_tour status-publish format-standard has-post-thumbnail hentry themo_tour_type-expediciones\">\n                            <div class=\"th-port-wrap\">\n                                <img data-rjs=\"2\" loading=\"lazy\" decoding=\"async\" width=\"605\" height=\"605\" src=\"https:\/\/www.goexplorecolombia.com\/wp-content\/uploads\/2022\/04\/La-Macarena-605x605.jpg\" class=\"img-responsive th-port-img wp-post-image\" alt=\"ecoturismo en Colombia\" \/>\n                                <div class=\"th-port-overlay\"><\/div>\n                                <div class=\"th-port-inner\">\n                                                                        <div class=\"th-port-center\">\n                                        <h3 class=\"th-port-title\">Macarena Profunda<\/h3>\n                                        <p class=\"th-port-sub\">Lorem ipsum dolor sit amet, consectetur adipiscing elit<\/p>                                                                                    <span class=\"th-port-btn\">VER M\u00c1S<\/span>\n                                                                            <\/div>\n                                    <a href=\"https:\/\/www.goexplorecolombia.com\/es\/tour\/ecoturismo-en-colombia-macarena-profunda\/\" class=\"th-port-link\" ><\/a>                                <\/div>\n                            <\/div>\n                        <\/div>\n                                                <div id=\"post-3260\" class=\"th-portfolio-item item col-md-4 col-sm-6 p-expediciones post-3260 themo_tour type-themo_tour status-publish format-standard has-post-thumbnail hentry themo_tour_type-expediciones\">\n                            <div class=\"th-port-wrap\">\n                                <img data-rjs=\"2\" loading=\"lazy\" decoding=\"async\" width=\"605\" height=\"605\" src=\"https:\/\/www.goexplorecolombia.com\/wp-content\/uploads\/2022\/04\/Portada-Playas-Secretas-605x605.jpg\" class=\"img-responsive th-port-img wp-post-image\" alt=\"Archipi\u00e9lago de San Bernardo\" \/>\n                                <div class=\"th-port-overlay\"><\/div>\n                                <div class=\"th-port-inner\">\n                                                                        <div class=\"th-port-center\">\n                                        <h3 class=\"th-port-title\">Playas Secretas del Caribe Colombiano<\/h3>\n                                        <p class=\"th-port-sub\">Lorem ipsum dolor sit amet, consectetur adipiscing elit<\/p>                                                                                    <span class=\"th-port-btn\">VER M\u00c1S<\/span>\n                                                                            <\/div>\n                                    <a href=\"https:\/\/www.goexplorecolombia.com\/es\/tour\/archipielago-de-san-bernardo-playas-secretas-del-caribe\/\" class=\"th-port-link\" ><\/a>                                <\/div>\n                            <\/div>\n                        <\/div>\n                                                <div id=\"post-3262\" class=\"th-portfolio-item item col-md-4 col-sm-6 p-expediciones post-3262 themo_tour type-themo_tour status-publish format-standard has-post-thumbnail hentry themo_tour_type-expediciones\">\n                            <div class=\"th-port-wrap\">\n                                <img data-rjs=\"2\" loading=\"lazy\" decoding=\"async\" width=\"605\" height=\"605\" src=\"https:\/\/www.goexplorecolombia.com\/wp-content\/uploads\/2022\/04\/Portada-Safari-LLanero-605x605.jpg\" class=\"img-responsive th-port-img wp-post-image\" alt=\"Orinoqu\u00eda Colombiana\" \/>\n                                <div class=\"th-port-overlay\"><\/div>\n                                <div class=\"th-port-inner\">\n                                                                        <div class=\"th-port-center\">\n                                        <h3 class=\"th-port-title\">Safari Llanero en el Casanare<\/h3>\n                                        <p class=\"th-port-sub\">Lorem ipsum dolor sit amet, consectetur adipiscing elit<\/p>                                                                                    <span class=\"th-port-btn\">VER M\u00c1S<\/span>\n                                                                            <\/div>\n                                    <a href=\"https:\/\/www.goexplorecolombia.com\/es\/tour\/orinoquia-colombiana-safari-llanero-en-el-casanare\/\" class=\"th-port-link\" ><\/a>                                <\/div>\n                            <\/div>\n                        <\/div>\n                                                <div id=\"post-1153\" class=\"th-portfolio-item item col-md-4 col-sm-6 p-expediciones post-1153 themo_tour type-themo_tour status-publish format-standard has-post-thumbnail hentry themo_tour_type-expediciones\">\n                            <div class=\"th-port-wrap\">\n                                <img data-rjs=\"2\" loading=\"lazy\" decoding=\"async\" width=\"605\" height=\"605\" src=\"https:\/\/www.goexplorecolombia.com\/wp-content\/uploads\/2022\/02\/El-Guaviare-605x605.jpg\" class=\"img-responsive th-port-img wp-post-image\" alt=\"Turismo en Guaviare\" \/>\n                                <div class=\"th-port-overlay\"><\/div>\n                                <div class=\"th-port-inner\">\n                                                                        <div class=\"th-port-center\">\n                                        <h3 class=\"th-port-title\">Descubre la naturaleza diferente del Guaviare<\/h3>\n                                        <p class=\"th-port-sub\">Lorem ipsum dolor sit amet, consectetur adipiscing elit<\/p>                                                                                    <span class=\"th-port-btn\">VER M\u00c1S<\/span>\n                                                                            <\/div>\n                                    <a href=\"https:\/\/www.goexplorecolombia.com\/es\/tour\/turismo-en-guaviare-descubre-la-naturaleza-del-guaviare\/\" class=\"th-port-link\" ><\/a>                                <\/div>\n                            <\/div>\n                        <\/div>\n                                                <div id=\"post-3256\" class=\"th-portfolio-item item col-md-4 col-sm-6 p-expediciones post-3256 themo_tour type-themo_tour status-publish format-standard has-post-thumbnail hentry themo_tour_type-expediciones\">\n                            <div class=\"th-port-wrap\">\n                                <img data-rjs=\"2\" loading=\"lazy\" decoding=\"async\" width=\"605\" height=\"605\" src=\"https:\/\/www.goexplorecolombia.com\/wp-content\/uploads\/2022\/04\/Chibiriquete-1-605x605.jpg\" class=\"img-responsive th-port-img wp-post-image\" alt=\"ecoturismo en Colombia\" \/>\n                                <div class=\"th-port-overlay\"><\/div>\n                                <div class=\"th-port-inner\">\n                                                                        <div class=\"th-port-center\">\n                                        <h3 class=\"th-port-title\">Chibiriquete<\/h3>\n                                        <p class=\"th-port-sub\">Lorem ipsum dolor sit amet, consectetur adipiscing elit<\/p>                                                                                    <span class=\"th-port-btn\">VER M\u00c1S<\/span>\n                                                                            <\/div>\n                                    <a href=\"https:\/\/www.goexplorecolombia.com\/es\/tour\/ecoturismo-en-colombia-chibiriquete\/\" class=\"th-port-link\" ><\/a>                                <\/div>\n                            <\/div>\n                        <\/div>\n                                                <div id=\"post-1150\" class=\"th-portfolio-item item col-md-4 col-sm-6 p-expediciones post-1150 themo_tour type-themo_tour status-publish format-standard has-post-thumbnail hentry themo_tour_type-expediciones\">\n                            <div class=\"th-port-wrap\">\n                                <img data-rjs=\"2\" loading=\"lazy\" decoding=\"async\" width=\"605\" height=\"605\" src=\"https:\/\/www.goexplorecolombia.com\/wp-content\/uploads\/2022\/02\/Cano-Cristales-605x605.jpg\" class=\"img-responsive th-port-img wp-post-image\" alt=\"tour a Ca\u00f1o Cristales\" \/>\n                                <div class=\"th-port-overlay\"><\/div>\n                                <div class=\"th-port-inner\">\n                                                                        <div class=\"th-port-center\">\n                                        <h3 class=\"th-port-title\">Ca\u00f1o Cristales &#8211; el r\u00edo de los siete colores<\/h3>\n                                        <p class=\"th-port-sub\">Lorem ipsum dolor sit amet, consectetur adipiscing elit<\/p>                                                                                    <span class=\"th-port-btn\">VER M\u00c1S<\/span>\n                                                                            <\/div>\n                                    <a href=\"https:\/\/www.goexplorecolombia.com\/es\/tour\/tour-a-cano-cristales-cano-cristales-el-rio-de-los-siete-colores\/\" class=\"th-port-link\" ><\/a>                                <\/div>\n                            <\/div>\n                        <\/div>\n                                                <div id=\"post-1147\" class=\"th-portfolio-item item col-md-4 col-sm-6 p-expediciones post-1147 themo_tour type-themo_tour status-publish format-standard has-post-thumbnail hentry themo_tour_type-expediciones\">\n                            <div class=\"th-port-wrap\">\n                                <img data-rjs=\"2\" loading=\"lazy\" decoding=\"async\" width=\"605\" height=\"605\" src=\"https:\/\/www.goexplorecolombia.com\/wp-content\/uploads\/2022\/02\/Cerros-de-Mavecure-605x605.jpg\" class=\"img-responsive th-port-img wp-post-image\" alt=\"Cerros de Mavecure\" \/>\n                                <div class=\"th-port-overlay\"><\/div>\n                                <div class=\"th-port-inner\">\n                                                                        <div class=\"th-port-center\">\n                                        <h3 class=\"th-port-title\">Cerros de Mavecur\u00e9 &#8211; Viaje por los los r\u00edos de la selva amaz\u00f3nica<\/h3>\n                                        <p class=\"th-port-sub\">Lorem ipsum dolor sit amet, consectetur adipiscing elit<\/p>                                                                                    <span class=\"th-port-btn\">VER M\u00c1S<\/span>\n                                                                            <\/div>\n                                    <a href=\"https:\/\/www.goexplorecolombia.com\/es\/tour\/cerros-de-mavecure\/\" class=\"th-port-link\" ><\/a>                                <\/div>\n                            <\/div>\n                        <\/div>\n                                                <div id=\"post-10364\" class=\"th-portfolio-item item col-md-4 col-sm-6 p-expediciones post-10364 themo_tour type-themo_tour status-publish format-standard has-post-thumbnail hentry themo_tour_type-expediciones\">\n                            <div class=\"th-port-wrap\">\n                                <img data-rjs=\"2\" loading=\"lazy\" decoding=\"async\" width=\"605\" height=\"605\" src=\"https:\/\/www.goexplorecolombia.com\/wp-content\/uploads\/2022\/02\/El-Choco-605x605.jpg\" class=\"img-responsive th-port-img wp-post-image\" alt=\"Tour avistamiento de ballenas Nuqu\u00ed\" \/>\n                                <div class=\"th-port-overlay\"><\/div>\n                                <div class=\"th-port-inner\">\n                                                                        <div class=\"th-port-center\">\n                                        <h3 class=\"th-port-title\">El Choc\u00f3, un lugar de exuberante belleza<\/h3>\n                                        <p class=\"th-port-sub\">Lorem ipsum dolor sit amet, consectetur adipiscing elit<\/p>                                                                                    <span class=\"th-port-btn\">VER M\u00c1S<\/span>\n                                                                            <\/div>\n                                    <a href=\"https:\/\/www.goexplorecolombia.com\/es\/tour\/tour-avistamiento-de-ballenas-nuqui\/\" class=\"th-port-link\" ><\/a>                                <\/div>\n                            <\/div>\n                        <\/div>\n                                                <div id=\"post-10814\" class=\"th-portfolio-item item col-md-4 col-sm-6 p-culturales-es post-10814 themo_tour type-themo_tour status-publish format-standard has-post-thumbnail hentry themo_tour_type-culturales-es\">\n                            <div class=\"th-port-wrap\">\n                                <img data-rjs=\"2\" loading=\"lazy\" decoding=\"async\" width=\"605\" height=\"605\" src=\"https:\/\/www.goexplorecolombia.com\/wp-content\/uploads\/2025\/07\/Colombia-en-9-dias-1-605x605.webp\" class=\"img-responsive th-port-img wp-post-image\" alt=\"\" \/>\n                                <div class=\"th-port-overlay\"><\/div>\n                                <div class=\"th-port-inner\">\n                                                                        <div class=\"th-port-center\">\n                                        <h3 class=\"th-port-title\">Colombia en 9 D\u00edas<\/h3>\n                                        <p class=\"th-port-sub\">Colombia en 9 D\u00edas Medell\u00edn, Bogot\u00e1 y Cartagena: Una Experiencia Cultural para empezar a conocer el pa\u00eds Descripci\u00f3n de la experiencia tur\u00edstica Este es un tour de 9 d\u00edas que utiliza como base Medell\u00edn en la regi\u00f3n Andina, para ir, &hellip; <a href=\"https:\/\/www.goexplorecolombia.com\/es\/tour\/colombia-en-9-dias\/\">Read More<\/a><\/p>\n                                                                            <\/div>\n                                    <a href=\"https:\/\/www.goexplorecolombia.com\/es\/tour\/colombia-en-9-dias\/\" class=\"th-port-link\" ><\/a>                                <\/div>\n                            <\/div>\n                        <\/div>\n                                                <div id=\"post-10848\" class=\"th-portfolio-item item col-md-4 col-sm-6 p-culturales-es post-10848 themo_tour type-themo_tour status-publish format-standard has-post-thumbnail hentry themo_tour_type-culturales-es\">\n                            <div class=\"th-port-wrap\">\n                                <img data-rjs=\"2\" loading=\"lazy\" decoding=\"async\" width=\"605\" height=\"605\" src=\"https:\/\/www.goexplorecolombia.com\/wp-content\/uploads\/2025\/07\/15-dias-de-viaje-1-605x605.webp\" class=\"img-responsive th-port-img wp-post-image\" alt=\"\" \/>\n                                <div class=\"th-port-overlay\"><\/div>\n                                <div class=\"th-port-inner\">\n                                                                        <div class=\"th-port-center\">\n                                        <h3 class=\"th-port-title\">Colombia 15D viaje de los Andes a la playa y la selva<\/h3>\n                                        <p class=\"th-port-sub\">Colombia 15D viaje de los Andes a la playa y la selva Bogot\u00e1 a Medell\u00edn Cartagena y el Amazonas Descripci\u00f3n de la empresa tur\u00edstica Bienvenido a un viaje de 15 d\u00edas a trav\u00e9s del vibrante coraz\u00f3n de Colombia, donde te &hellip; <a href=\"https:\/\/www.goexplorecolombia.com\/es\/tour\/colombia-15d-viaje-de-los-andes-a-la-playa-y-la-selva\/\">Read More<\/a><\/p>\n                                                                            <\/div>\n                                    <a href=\"https:\/\/www.goexplorecolombia.com\/es\/tour\/colombia-15d-viaje-de-los-andes-a-la-playa-y-la-selva\/\" class=\"th-port-link\" ><\/a>                                <\/div>\n                            <\/div>\n                        <\/div>\n                                                <div id=\"post-10788\" class=\"th-portfolio-item item col-md-4 col-sm-6 p-culturales-es post-10788 themo_tour type-themo_tour status-publish format-standard has-post-thumbnail hentry themo_tour_type-culturales-es\">\n                            <div class=\"th-port-wrap\">\n                                <img data-rjs=\"2\" loading=\"lazy\" decoding=\"async\" width=\"605\" height=\"605\" src=\"https:\/\/www.goexplorecolombia.com\/wp-content\/uploads\/2025\/07\/Experiencia-en-el-Eje-Cafetero-605x605.webp\" class=\"img-responsive th-port-img wp-post-image\" alt=\"\" \/>\n                                <div class=\"th-port-overlay\"><\/div>\n                                <div class=\"th-port-inner\">\n                                                                        <div class=\"th-port-center\">\n                                        <h3 class=\"th-port-title\">Experiencia en el Eje Cafetero: el sector sur<\/h3>\n                                        <p class=\"th-port-sub\">Experiencia en el Eje Cafetero: el sector sur 5 d\u00edas de inmersi\u00f3n en el Paisaje Cultural Cafetero de Colombia Descripci\u00f3n de la experiencia tur\u00edstica Embarc\u00e1ndonos en nuestra aventura de 5 d\u00edas, comenzamos nuestro viaje en la vibrante ciudad de Pereira. &hellip; <a href=\"https:\/\/www.goexplorecolombia.com\/es\/tour\/experiencia-en-el-eje-cafetero-el-sector-sur-2\/\">Read More<\/a><\/p>\n                                                                            <\/div>\n                                    <a href=\"https:\/\/www.goexplorecolombia.com\/es\/tour\/experiencia-en-el-eje-cafetero-el-sector-sur-2\/\" class=\"th-port-link\" ><\/a>                                <\/div>\n                            <\/div>\n                        <\/div>\n                                                <div id=\"post-10736\" class=\"th-portfolio-item item col-md-4 col-sm-6 p-culturales-es post-10736 themo_tour type-themo_tour status-publish format-standard has-post-thumbnail hentry themo_tour_type-culturales-es\">\n                            <div class=\"th-port-wrap\">\n                                <img data-rjs=\"2\" loading=\"lazy\" decoding=\"async\" width=\"605\" height=\"605\" src=\"https:\/\/www.goexplorecolombia.com\/wp-content\/uploads\/2025\/07\/Andes-Centrales-y-Cartagena-605x605.webp\" class=\"img-responsive th-port-img wp-post-image\" alt=\"\" \/>\n                                <div class=\"th-port-overlay\"><\/div>\n                                <div class=\"th-port-inner\">\n                                                                        <div class=\"th-port-center\">\n                                        <h3 class=\"th-port-title\">Andes Centrales de Colombia y Cartagena<\/h3>\n                                        <p class=\"th-port-sub\">Andes Centrales de Colombia y Cartagena 9 d\u00edas de los principales Hitos Culturales de Colombia Descripci\u00f3n de la experiencia tur\u00edstica En este viaje, descubriremos durante 9 d\u00edas las 3 ciudades m\u00e1s importantes de Colombia, Cartagena, Medell\u00edn y su capital, Bogot\u00e1. &hellip; <a href=\"https:\/\/www.goexplorecolombia.com\/es\/tour\/andes-centrales-de-colombia-y-cartagena\/\">Read More<\/a><\/p>\n                                                                            <\/div>\n                                    <a href=\"https:\/\/www.goexplorecolombia.com\/es\/tour\/andes-centrales-de-colombia-y-cartagena\/\" class=\"th-port-link\" ><\/a>                                <\/div>\n                            <\/div>\n                        <\/div>\n                                                <div id=\"post-10712\" class=\"th-portfolio-item item col-md-4 col-sm-6 p-culturales-es post-10712 themo_tour type-themo_tour status-publish format-standard has-post-thumbnail hentry themo_tour_type-culturales-es\">\n                            <div class=\"th-port-wrap\">\n                                <img data-rjs=\"2\" loading=\"lazy\" decoding=\"async\" width=\"605\" height=\"605\" src=\"https:\/\/www.goexplorecolombia.com\/wp-content\/uploads\/2025\/07\/experiencia-cultural-en-cartagena-605x605.webp\" class=\"img-responsive th-port-img wp-post-image\" alt=\"\" \/>\n                                <div class=\"th-port-overlay\"><\/div>\n                                <div class=\"th-port-inner\">\n                                                                        <div class=\"th-port-center\">\n                                        <h3 class=\"th-port-title\">Una experiencia cultural y comunitaria en Cartagena<\/h3>\n                                        <p class=\"th-port-sub\">Una experiencia cultural y comunitaria en Cartagena 4 d\u00edas de la Exploraci\u00f3n Cultural de Colombia Introducci\u00f3n \u00a1Abr\u00f3chate el cintur\u00f3n para una aventura colombiana que combina playas ba\u00f1adas por el sol, m\u00fasica vibrante y un poderoso testimonio de resiliencia! Este viaje &hellip; <a href=\"https:\/\/www.goexplorecolombia.com\/es\/tour\/una-experiencia-cultural-y-comunitaria-en-cartagena\/\">Read More<\/a><\/p>\n                                                                            <\/div>\n                                    <a href=\"https:\/\/www.goexplorecolombia.com\/es\/tour\/una-experiencia-cultural-y-comunitaria-en-cartagena\/\" class=\"th-port-link\" ><\/a>                                <\/div>\n                            <\/div>\n                        <\/div>\n                                                <div id=\"post-3254\" class=\"th-portfolio-item item col-md-4 col-sm-6 p-roadtrip post-3254 themo_tour type-themo_tour status-publish format-standard has-post-thumbnail hentry themo_tour_type-roadtrip\">\n                            <div class=\"th-port-wrap\">\n                                <img data-rjs=\"2\" loading=\"lazy\" decoding=\"async\" width=\"605\" height=\"605\" src=\"https:\/\/www.goexplorecolombia.com\/wp-content\/uploads\/2022\/04\/Portada-1-605x605.jpg\" class=\"img-responsive th-port-img wp-post-image\" alt=\"R\u00edo Claro\" \/>\n                                <div class=\"th-port-overlay\"><\/div>\n                                <div class=\"th-port-inner\">\n                                                                        <div class=\"th-port-center\">\n                                        <h3 class=\"th-port-title\">Roadtrip Capitales &#8211; Bogot\u00e1 &#8211; Medell\u00edn<\/h3>\n                                        <p class=\"th-port-sub\">Lorem ipsum dolor sit amet, consectetur adipiscing elit<\/p>                                                                                    <span class=\"th-port-btn\">VER M\u00c1S<\/span>\n                                                                            <\/div>\n                                    <a href=\"https:\/\/www.goexplorecolombia.com\/es\/tour\/rio-claro-roadtrip-capitales-bogota-medellin\/\" class=\"th-port-link\" ><\/a>                                <\/div>\n                            <\/div>\n                        <\/div>\n                                                <div id=\"post-3252\" class=\"th-portfolio-item item col-md-4 col-sm-6 p-roadtrip post-3252 themo_tour type-themo_tour status-publish format-standard has-post-thumbnail hentry themo_tour_type-roadtrip\">\n                            <div class=\"th-port-wrap\">\n                                <img data-rjs=\"2\" loading=\"lazy\" decoding=\"async\" width=\"605\" height=\"605\" src=\"https:\/\/www.goexplorecolombia.com\/wp-content\/uploads\/2022\/04\/Cultura-Olvidada-605x605.jpg\" class=\"img-responsive th-port-img wp-post-image\" alt=\"Tour por el Huila\" \/>\n                                <div class=\"th-port-overlay\"><\/div>\n                                <div class=\"th-port-inner\">\n                                                                        <div class=\"th-port-center\">\n                                        <h3 class=\"th-port-title\">La Cultura Olvidada y un Valle Interandino<\/h3>\n                                        <p class=\"th-port-sub\">Lorem ipsum dolor sit amet, consectetur adipiscing elit<\/p>                                                                                    <span class=\"th-port-btn\">VER M\u00c1S<\/span>\n                                                                            <\/div>\n                                    <a href=\"https:\/\/www.goexplorecolombia.com\/es\/tour\/tour-por-el-huila-la-cultura-olvidada-y-un-valle-interandino\/\" class=\"th-port-link\" ><\/a>                                <\/div>\n                            <\/div>\n                        <\/div>\n                                                <div id=\"post-3250\" class=\"th-portfolio-item item col-md-4 col-sm-6 p-roadtrip post-3250 themo_tour type-themo_tour status-publish format-standard has-post-thumbnail hentry themo_tour_type-roadtrip\">\n                            <div class=\"th-port-wrap\">\n                                <img data-rjs=\"2\" loading=\"lazy\" decoding=\"async\" width=\"605\" height=\"605\" src=\"https:\/\/www.goexplorecolombia.com\/wp-content\/uploads\/2022\/04\/Portada-bogota-salento-605x605.jpg\" class=\"img-responsive th-port-img wp-post-image\" alt=\"tours en Salento\" \/>\n                                <div class=\"th-port-overlay\"><\/div>\n                                <div class=\"th-port-inner\">\n                                                                        <div class=\"th-port-center\">\n                                        <h3 class=\"th-port-title\">Bogota a Salento &#8211; Viaje de Cultura y Naturaleza<\/h3>\n                                        <p class=\"th-port-sub\">Lorem ipsum dolor sit amet, consectetur adipiscing elit<\/p>                                                                                    <span class=\"th-port-btn\">VER M\u00c1S<\/span>\n                                                                            <\/div>\n                                    <a href=\"https:\/\/www.goexplorecolombia.com\/es\/tour\/tours-en-salento-bogota-a-salento-viaje-de-cultura-y-naturaleza\/\" class=\"th-port-link\" ><\/a>                                <\/div>\n                            <\/div>\n                        <\/div>\n                                                <div id=\"post-3247\" class=\"th-portfolio-item item col-md-4 col-sm-6 p-roadtrip post-3247 themo_tour type-themo_tour status-publish format-standard has-post-thumbnail hentry themo_tour_type-roadtrip\">\n                            <div class=\"th-port-wrap\">\n                                <img data-rjs=\"2\" loading=\"lazy\" decoding=\"async\" width=\"605\" height=\"605\" src=\"https:\/\/www.goexplorecolombia.com\/wp-content\/uploads\/2022\/04\/Portada-corazon-cafetero-605x605.jpg\" class=\"img-responsive th-port-img wp-post-image\" alt=\"tour cafetero en Antioquia\" \/>\n                                <div class=\"th-port-overlay\"><\/div>\n                                <div class=\"th-port-inner\">\n                                                                        <div class=\"th-port-center\">\n                                        <h3 class=\"th-port-title\">Aventura en el coraz\u00f3n cafetero de Antioquia<\/h3>\n                                        <p class=\"th-port-sub\">Lorem ipsum dolor sit amet, consectetur adipiscing elit<\/p>                                                                                    <span class=\"th-port-btn\">VER M\u00c1S<\/span>\n                                                                            <\/div>\n                                    <a href=\"https:\/\/www.goexplorecolombia.com\/es\/tour\/tour-cafetero-en-antioquia-aventura-en-el-corazon-cafetero\/\" class=\"th-port-link\" ><\/a>                                <\/div>\n                            <\/div>\n                        <\/div>\n                                                <div id=\"post-3245\" class=\"th-portfolio-item item col-md-4 col-sm-6 p-roadtrip post-3245 themo_tour type-themo_tour status-publish format-standard has-post-thumbnail hentry themo_tour_type-roadtrip\">\n                            <div class=\"th-port-wrap\">\n                                <img data-rjs=\"2\" loading=\"lazy\" decoding=\"async\" width=\"605\" height=\"605\" src=\"https:\/\/www.goexplorecolombia.com\/wp-content\/uploads\/2022\/04\/aventura-chicamocha-605x605.jpg\" class=\"img-responsive th-port-img wp-post-image\" alt=\"turismo de aventura en Colombia\" \/>\n                                <div class=\"th-port-overlay\"><\/div>\n                                <div class=\"th-port-inner\">\n                                                                        <div class=\"th-port-center\">\n                                        <h3 class=\"th-port-title\">Aventura en el Chicamocha<\/h3>\n                                        <p class=\"th-port-sub\">Lorem ipsum dolor sit amet, consectetur adipiscing elit<\/p>                                                                                    <span class=\"th-port-btn\">VER M\u00c1S<\/span>\n                                                                            <\/div>\n                                    <a href=\"https:\/\/www.goexplorecolombia.com\/es\/tour\/turismo-de-aventura-en-colombia-aventura-en-el-chicamocha\/\" class=\"th-port-link\" ><\/a>                                <\/div>\n                            <\/div>\n                        <\/div>\n                                                <div id=\"post-1141\" class=\"th-portfolio-item item col-md-4 col-sm-6 p-roadtrip post-1141 themo_tour type-themo_tour status-publish format-standard has-post-thumbnail hentry themo_tour_type-roadtrip\">\n                            <div class=\"th-port-wrap\">\n                                <img data-rjs=\"2\" loading=\"lazy\" decoding=\"async\" width=\"605\" height=\"605\" src=\"https:\/\/www.goexplorecolombia.com\/wp-content\/uploads\/2022\/02\/Tres-Joyas-605x605.jpg\" class=\"img-responsive th-port-img wp-post-image\" alt=\"turismo de aventura Santander\" \/>\n                                <div class=\"th-port-overlay\"><\/div>\n                                <div class=\"th-port-inner\">\n                                                                        <div class=\"th-port-center\">\n                                        <h3 class=\"th-port-title\">Tres Joyas de la naturaleza en Santander<\/h3>\n                                        <p class=\"th-port-sub\">Lorem ipsum dolor sit amet, consectetur adipiscing elit<\/p>                                                                                    <span class=\"th-port-btn\">VER M\u00c1S<\/span>\n                                                                            <\/div>\n                                    <a href=\"https:\/\/www.goexplorecolombia.com\/es\/tour\/turismo-de-aventura-santander-tres-joyas-de-la-naturaleza\/\" class=\"th-port-link\" ><\/a>                                <\/div>\n                            <\/div>\n                        <\/div>\n                                                <div id=\"post-1138\" class=\"th-portfolio-item item col-md-4 col-sm-6 p-roadtrip post-1138 themo_tour type-themo_tour status-publish format-standard has-post-thumbnail hentry themo_tour_type-roadtrip\">\n                            <div class=\"th-port-wrap\">\n                                <img data-rjs=\"2\" loading=\"lazy\" decoding=\"async\" width=\"605\" height=\"605\" src=\"https:\/\/www.goexplorecolombia.com\/wp-content\/uploads\/2022\/02\/Paramo-de-Oceta-1-605x605.jpg\" class=\"img-responsive th-port-img wp-post-image\" alt=\"Tour por Boyac\u00e1\" \/>\n                                <div class=\"th-port-overlay\"><\/div>\n                                <div class=\"th-port-inner\">\n                                                                        <div class=\"th-port-center\">\n                                        <h3 class=\"th-port-title\">P\u00e1ramo de Ocet\u00e1, Mongu\u00ed y Laguna de Tota<\/h3>\n                                        <p class=\"th-port-sub\">Lorem ipsum dolor sit amet, consectetur adipiscing elit<\/p>                                                                                    <span class=\"th-port-btn\">VER M\u00c1S<\/span>\n                                                                            <\/div>\n                                    <a href=\"https:\/\/www.goexplorecolombia.com\/es\/tour\/tour-por-boyaca-paramo-de-oceta-mongui-y-laguna-de-tota\/\" class=\"th-port-link\" ><\/a>                                <\/div>\n                            <\/div>\n                        <\/div>\n                                                <div id=\"post-1135\" class=\"th-portfolio-item item col-md-4 col-sm-6 p-roadtrip post-1135 themo_tour type-themo_tour status-publish format-standard has-post-thumbnail hentry themo_tour_type-roadtrip\">\n                            <div class=\"th-port-wrap\">\n                                <img data-rjs=\"2\" loading=\"lazy\" decoding=\"async\" width=\"605\" height=\"605\" src=\"https:\/\/www.goexplorecolombia.com\/wp-content\/uploads\/2022\/02\/Aventura-en-el-Bosque-605x605.jpg\" class=\"img-responsive th-port-img wp-post-image\" alt=\"El Pe\u00f1\u00f3n Santander\" \/>\n                                <div class=\"th-port-overlay\"><\/div>\n                                <div class=\"th-port-inner\">\n                                                                        <div class=\"th-port-center\">\n                                        <h3 class=\"th-port-title\">Aventura en el Bosque C\u00e1rstico del Pe\u00f1\u00f3n<\/h3>\n                                        <p class=\"th-port-sub\">Lorem ipsum dolor sit amet, consectetur adipiscing elit<\/p>                                                                                    <span class=\"th-port-btn\">VER M\u00c1S<\/span>\n                                                                            <\/div>\n                                    <a href=\"https:\/\/www.goexplorecolombia.com\/es\/tour\/el-penon-santander-aventura-en-el-bosque-carstico-del-penon\/\" class=\"th-port-link\" ><\/a>                                <\/div>\n                            <\/div>\n                        <\/div>\n                                                <div id=\"post-1129\" class=\"th-portfolio-item item col-md-4 col-sm-6 p-roadtrip post-1129 themo_tour type-themo_tour status-publish format-standard has-post-thumbnail hentry themo_tour_type-roadtrip\">\n                            <div class=\"th-port-wrap\">\n                                <img data-rjs=\"2\" loading=\"lazy\" decoding=\"async\" width=\"605\" height=\"605\" src=\"https:\/\/www.goexplorecolombia.com\/wp-content\/uploads\/2022\/02\/El-Salto-605x605.jpg\" class=\"img-responsive th-port-img wp-post-image\" alt=\"lugares para visitar en Antioquia\" \/>\n                                <div class=\"th-port-overlay\"><\/div>\n                                <div class=\"th-port-inner\">\n                                                                        <div class=\"th-port-center\">\n                                        <h3 class=\"th-port-title\">El Salto y las tradiciones antioque\u00f1as<\/h3>\n                                        <p class=\"th-port-sub\">Lorem ipsum dolor sit amet, consectetur adipiscing elit<\/p>                                                                                    <span class=\"th-port-btn\">VER M\u00c1S<\/span>\n                                                                            <\/div>\n                                    <a href=\"https:\/\/www.goexplorecolombia.com\/es\/tour\/lugares-para-visitar-en-antioquia-el-salto-y-sus-tradiciones\/\" class=\"th-port-link\" ><\/a>                                <\/div>\n                            <\/div>\n                        <\/div>\n                                                <div id=\"post-1127\" class=\"th-portfolio-item item col-md-4 col-sm-6 p-roadtrip post-1127 themo_tour type-themo_tour status-publish format-standard has-post-thumbnail hentry themo_tour_type-roadtrip\">\n                            <div class=\"th-port-wrap\">\n                                <img data-rjs=\"2\" loading=\"lazy\" decoding=\"async\" width=\"605\" height=\"605\" src=\"https:\/\/www.goexplorecolombia.com\/wp-content\/uploads\/2017\/07\/Miniaturas-605x605.jpg\" class=\"img-responsive th-port-img wp-post-image\" alt=\"tours en La Guajira\" \/>\n                                <div class=\"th-port-overlay\"><\/div>\n                                <div class=\"th-port-inner\">\n                                                                        <div class=\"th-port-center\">\n                                        <h3 class=\"th-port-title\">La Guajira y sus desiertos ancestrales<\/h3>\n                                        <p class=\"th-port-sub\">Lorem ipsum dolor sit amet, consectetur adipiscing elit<\/p>                                                                                    <span class=\"th-port-btn\">VER M\u00c1S<\/span>\n                                                                            <\/div>\n                                    <a href=\"https:\/\/www.goexplorecolombia.com\/es\/tour\/tours-en-la-guajira-la-guajira-y-sus-desiertos-ancestrales\/\" class=\"th-port-link\" ><\/a>                                <\/div>\n                            <\/div>\n                        <\/div>\n                                                <div id=\"post-24\" class=\"th-portfolio-item item col-md-4 col-sm-6 p-roadtrip post-24 themo_tour type-themo_tour status-publish format-standard has-post-thumbnail hentry themo_tour_type-roadtrip\">\n                            <div class=\"th-port-wrap\">\n                                <img data-rjs=\"2\" loading=\"lazy\" decoding=\"async\" width=\"605\" height=\"605\" src=\"https:\/\/www.goexplorecolombia.com\/wp-content\/uploads\/2017\/07\/Viaje-al-Sur-1-605x605.jpg\" class=\"img-responsive th-port-img wp-post-image\" alt=\"tour por Colombia\" \/>\n                                <div class=\"th-port-overlay\"><\/div>\n                                <div class=\"th-port-inner\">\n                                                                        <div class=\"th-port-center\">\n                                        <h3 class=\"th-port-title\">Viaje al Sur por las monta\u00f1as de Colombia<\/h3>\n                                        <p class=\"th-port-sub\">Lorem ipsum dolor sit amet, consectetur adipiscing elit<\/p>                                                                                    <span class=\"th-port-btn\">VER M\u00c1S<\/span>\n                                                                            <\/div>\n                                    <a href=\"https:\/\/www.goexplorecolombia.com\/es\/tour\/tour-por-colombia-viaje-al-sur-por-las-montanas-de-colombia\/\" class=\"th-port-link\" ><\/a>                                <\/div>\n                            <\/div>\n                        <\/div>\n                        \n            <\/div>\n\n        <\/div>\n\n        \t\t\t\t<\/div>\n\t\t\t\t<\/div>\n\t\t\t\t<div class=\"elementor-element elementor-element-mkxrgoo elementor-widget elementor-widget-spacer\" data-id=\"mkxrgoo\" data-element_type=\"widget\" data-widget_type=\"spacer.default\">\n\t\t\t\t<div class=\"elementor-widget-container\">\n\t\t\t\t\t\t\t<div class=\"elementor-spacer\">\n\t\t\t<div class=\"elementor-spacer-inner\"><\/div>\n\t\t<\/div>\n\t\t\t\t\t\t<\/div>\n\t\t\t\t<\/div>\n\t\t\t\t\t<\/div>\n\t\t<\/div>\n\t\t\t\t\t<\/div>\n\t\t<\/section>\n\t\t\t\t<section class=\"elementor-section elementor-top-section elementor-element elementor-element-2dcccbf0 elementor-section-boxed elementor-section-height-default elementor-section-height-default\" data-id=\"2dcccbf0\" data-element_type=\"section\" data-settings=\"{&quot;background_background&quot;:&quot;classic&quot;}\">\n\t\t\t\t\t\t<div class=\"elementor-container elementor-column-gap-wider\">\n\t\t\t\t\t<div class=\"elementor-column elementor-col-100 elementor-top-column elementor-element elementor-element-6ac2f696\" data-id=\"6ac2f696\" data-element_type=\"column\">\n\t\t\t<div class=\"elementor-widget-wrap elementor-element-populated\">\n\t\t\t\t\t\t<div class=\"elementor-element elementor-element-368dd251 elementor-widget elementor-widget-heading\" data-id=\"368dd251\" data-element_type=\"widget\" data-widget_type=\"heading.default\">\n\t\t\t\t<div class=\"elementor-widget-container\">\n\t\t\t\t\t<h2 class=\"elementor-heading-title elementor-size-default\">RECOMENDADO POR:<\/h2>\t\t\t\t<\/div>\n\t\t\t\t<\/div>\n\t\t\t\t<div class=\"elementor-element elementor-element-5267d87c elementor-widget elementor-widget-image\" data-id=\"5267d87c\" data-element_type=\"widget\" data-widget_type=\"image.default\">\n\t\t\t\t<div class=\"elementor-widget-container\">\n\t\t\t\t\t\t\t\t\t\t\t\t\t\t\t\t<a href=\"https:\/\/www.thedailybeast.com\/visiting-colombia-here-are-some-options-to-consider?ref=author\" target=\"_blank\">\n\t\t\t\t\t\t\t<img data-rjs=\"2\" decoding=\"async\" src=\"https:\/\/www.goexplorecolombia.com\/wp-content\/uploads\/2022\/06\/preview.jpg\" title=\"preview\" alt=\"preview\" loading=\"lazy\" \/>\t\t\t\t\t\t\t\t<\/a>\n\t\t\t\t\t\t\t\t\t\t\t\t\t\t\t<\/div>\n\t\t\t\t<\/div>\n\t\t\t\t\t<\/div>\n\t\t<\/div>\n\t\t\t\t\t<\/div>\n\t\t<\/section>\n\t\t\t\t<section class=\"elementor-section elementor-top-section elementor-element elementor-element-wxbzzic elementor-section-boxed elementor-section-height-default elementor-section-height-default\" data-id=\"wxbzzic\" data-element_type=\"section\" data-settings=\"{&quot;background_background&quot;:&quot;classic&quot;}\">\n\t\t\t\t\t\t<div class=\"elementor-container elementor-column-gap-default\">\n\t\t\t\t\t<div class=\"elementor-column elementor-col-50 elementor-top-column elementor-element elementor-element-huftisj\" data-id=\"huftisj\" data-element_type=\"column\">\n\t\t\t<div class=\"elementor-widget-wrap elementor-element-populated\">\n\t\t\t\t\t\t<div class=\"elementor-element elementor-element-jsuyxrv elementor-widget elementor-widget-spacer\" data-id=\"jsuyxrv\" data-element_type=\"widget\" data-widget_type=\"spacer.default\">\n\t\t\t\t<div class=\"elementor-widget-container\">\n\t\t\t\t\t\t\t<div class=\"elementor-spacer\">\n\t\t\t<div class=\"elementor-spacer-inner\"><\/div>\n\t\t<\/div>\n\t\t\t\t\t\t<\/div>\n\t\t\t\t<\/div>\n\t\t\t\t<div class=\"elementor-element elementor-element-yrds0lt elementor-widget elementor-widget-themo-info-card\" data-id=\"yrds0lt\" data-element_type=\"widget\" data-widget_type=\"themo-info-card.default\">\n\t\t\t\t<div class=\"elementor-widget-container\">\n\t\t\t\t\t\t\t<div class=\"th-info-card-wrap\">\n            <div class=\"elementor-icon-box-wrapper\">\n                <div class=\"elementor-icon-box-content\">\n                    <h3 class=\"elementor-icon-box-title\">DESCUBRE NUESTROS DAY TRIPS EN MEDELL\u00cdN<\/h3>\n                    <p class=\"elementor-icon-box-description\">D\u00e9jate seducir por las muy variadas enriquecedoras experiencias culturales, de naturaleza y aventura que Medell\u00edn tiene para ofrecerte, donde la gente, la m\u00fasica, la historia, el arte,  la arquitectura y las \ncomunidades son las protagonistas!<\/p>\n                <\/div>\n                                <div class=\"th-btn-wrap\">\n                                            <a class=\"th-btn-1\" href=\"https:\/\/goexplorecolombia.com\/medellin-day-trips\/\">\n                                                            Ver M\u00e1s                                                    <\/a>\n                    \n                                    <\/div>\n                            <\/div>\n        <\/div>\n\n\t\t\t\t\t\t<\/div>\n\t\t\t\t<\/div>\n\t\t\t\t<div class=\"elementor-element elementor-element-mvzlkif elementor-widget elementor-widget-spacer\" data-id=\"mvzlkif\" data-element_type=\"widget\" data-widget_type=\"spacer.default\">\n\t\t\t\t<div class=\"elementor-widget-container\">\n\t\t\t\t\t\t\t<div class=\"elementor-spacer\">\n\t\t\t<div class=\"elementor-spacer-inner\"><\/div>\n\t\t<\/div>\n\t\t\t\t\t\t<\/div>\n\t\t\t\t<\/div>\n\t\t\t\t\t<\/div>\n\t\t<\/div>\n\t\t\t\t<div class=\"elementor-column elementor-col-50 elementor-top-column elementor-element elementor-element-97s7ott\" data-id=\"97s7ott\" data-element_type=\"column\">\n\t\t\t<div class=\"elementor-widget-wrap elementor-element-populated\">\n\t\t\t\t\t\t<div class=\"elementor-element elementor-element-j48wx2b elementor-widget elementor-widget-spacer\" data-id=\"j48wx2b\" data-element_type=\"widget\" data-widget_type=\"spacer.default\">\n\t\t\t\t<div class=\"elementor-widget-container\">\n\t\t\t\t\t\t\t<div class=\"elementor-spacer\">\n\t\t\t<div class=\"elementor-spacer-inner\"><\/div>\n\t\t<\/div>\n\t\t\t\t\t\t<\/div>\n\t\t\t\t<\/div>\n\t\t\t\t<div class=\"elementor-element elementor-element-i8zkpw8 elementor-widget elementor-widget-spacer\" data-id=\"i8zkpw8\" data-element_type=\"widget\" data-widget_type=\"spacer.default\">\n\t\t\t\t<div class=\"elementor-widget-container\">\n\t\t\t\t\t\t\t<div class=\"elementor-spacer\">\n\t\t\t<div class=\"elementor-spacer-inner\"><\/div>\n\t\t<\/div>\n\t\t\t\t\t\t<\/div>\n\t\t\t\t<\/div>\n\t\t\t\t\t<\/div>\n\t\t<\/div>\n\t\t\t\t\t<\/div>\n\t\t<\/section>\n\t\t\t\t<section class=\"elementor-section elementor-top-section elementor-element elementor-element-hwfrnpt elementor-section-boxed elementor-section-height-default elementor-section-height-default\" data-id=\"hwfrnpt\" data-element_type=\"section\" data-settings=\"{&quot;background_background&quot;:&quot;classic&quot;}\">\n\t\t\t\t\t\t<div class=\"elementor-container elementor-column-gap-default\">\n\t\t\t\t\t<div class=\"elementor-column elementor-col-100 elementor-top-column elementor-element elementor-element-gxvraga\" data-id=\"gxvraga\" data-element_type=\"column\">\n\t\t\t<div class=\"elementor-widget-wrap elementor-element-populated\">\n\t\t\t\t\t\t<div class=\"elementor-element elementor-element-wgwqhdz elementor-widget elementor-widget-themo-call-to-action\" data-id=\"wgwqhdz\" data-element_type=\"widget\" data-widget_type=\"themo-call-to-action.default\">\n\t\t\t\t<div class=\"elementor-widget-container\">\n\t\t\t\t\t\t\t<div class=\"th-cta\">\n\t\t\t\t\t        <div class=\"th-cta-text\">\n\t\t            <span>Reserva hoy una aventura memorable en Colombia<\/span>\n\t\t        <\/div>\n\t\t    \n                        <div class=\"th-cta-btn\">\n\n                                    <a class=\"btn-1 btn th-btn btn-standard-light\" href=\"https:\/\/goexplorecolombia.com\/hola\/\">\n                                                    GO EXPLORE                                            <\/a>\n                \n                            <\/div>\n            \t\t<\/div>\n\t\t\t\t\t\t<\/div>\n\t\t\t\t<\/div>\n\t\t\t\t\t<\/div>\n\t\t<\/div>\n\t\t\t\t\t<\/div>\n\t\t<\/section>\n\t\t\t\t<section class=\"elementor-section elementor-top-section elementor-element elementor-element-746beff elementor-section-boxed elementor-section-height-default elementor-section-height-default\" data-id=\"746beff\" data-element_type=\"section\">\n\t\t\t\t\t\t<div class=\"elementor-container elementor-column-gap-default\">\n\t\t\t\t\t<div class=\"elementor-column elementor-col-100 elementor-top-column elementor-element elementor-element-05013a7\" data-id=\"05013a7\" data-element_type=\"column\">\n\t\t\t<div class=\"elementor-widget-wrap elementor-element-populated\">\n\t\t\t\t\t\t<div class=\"elementor-element elementor-element-674db7e elementor-widget elementor-widget-heading\" data-id=\"674db7e\" data-element_type=\"widget\" data-widget_type=\"heading.default\">\n\t\t\t\t<div class=\"elementor-widget-container\">\n\t\t\t\t\t<h2 class=\"elementor-heading-title elementor-size-default\">TESTIMONIOS DE NUESTROS CLIENTES<\/h2>\t\t\t\t<\/div>\n\t\t\t\t<\/div>\n\t\t\t\t<div class=\"elementor-element elementor-element-780a802 elementor-widget elementor-widget-text-editor\" data-id=\"780a802\" data-element_type=\"widget\" data-widget_type=\"text-editor.default\">\n\t\t\t\t<div class=\"elementor-widget-container\">\n\t\t\t\t\t\t\t\t\t<div class=\"wprev-slider\" id=\"wprev-slider-1\"><ul><style>#wprev-slider-1 .wprev_preview_bradius_T1 {border-radius: 5px;}#wprev-slider-1 .wprev_preview_bg1_T1 {background:;}#wprev-slider-1 .wprev_preview_bg2_T1 {background:;}#wprev-slider-1 .wprev_preview_tcolor1_T1 {color:#000000;}#wprev-slider-1 .wprev_preview_tcolor2_T1 {color:;}#wprev-slider-1 .wprev_preview_bg1_T1::after{ border-top: 30px solid ; }<\/style><style><\/style><li>\t\t<div class=\"wptripadvisor_t1_outer_div w3_wprs-row-padding\">\r\n\t\t\t\t<div class=\"wptripadvisor_t1_DIV_1 w3_wprs-col l4\">\r\n\t\t\t<div class=\"wptripadvisor_t1_DIV_2 wprev_preview_bg1_T1 wprev_preview_bradius_T1\">\r\n\t\t\t\t<p class=\"wptripadvisor_t1_P_3 wprev_preview_tcolor1_T1\">\r\n\t\t\t\t\t<span class=\"wptripadvisor_star_imgs_T1\"><img decoding=\"async\" src=\"https:\/\/www.goexplorecolombia.com\/wp-content\/plugins\/wp-tripadvisor-review-slider\/public\/partials\/imgs\/tripadvisor_stars_5.png\" alt=\"star rating\" class=\"wptripadvisor_t1_star_img_file\">&nbsp;&nbsp;<\/span>Estuvimos en Guain\u00eda, qu\u00e9 viaje tan hermoso y sorprendente, siempre me sent\u00ed segura y tranquila con nuestros gu\u00edas, ya quiero volver y continuar conociendo nuestra  otra Colombia. Gracias Marcelo!<a class='wprs_rd_more'>&#8230; read more<\/a><span class='wprs_rd_more_text' style='display:none;'> <\/span>\t\t\t\t<\/p>\r\n\t\t\t\t\t\t\t\t<a href=\"https:\/\/www.tripadvisor.co\/Attraction_Review-g297478-d12862334-Reviews-Go_Explore_Colombia-Medellin_Antioquia_Department.html\" target=\"_blank\" rel=\"nofollow\"><img data-rjs=\"2\" decoding=\"async\" src=\"https:\/\/www.goexplorecolombia.com\/wp-content\/plugins\/wp-tripadvisor-review-slider\/public\/partials\/imgs\/tripadvisor_outline.png\" alt=\"tripadvisor logo\" class=\"wptripadvisor_t1_tripadvisor_logo\"><\/a>\t\t\t<\/div><span class=\"wptripadvisor_t1_A_8\"><img data-rjs=\"2\" decoding=\"async\" src=\"https:\/\/media-cdn.tripadvisor.com\/media\/photo-l\/1a\/f6\/f4\/d0\/default-avatar-2020-33.jpg\" alt=\"avatar thumb\" class=\"wptripadvisor_t1_IMG_4\" loading=\"lazy\"\/><\/span> <span class=\"wptripadvisor_t1_SPAN_5 wprev_preview_tcolor2_T1\">Margarita V<br\/><span class=\"wprev_showdate_T1\">abril 14, 2023<\/span> <\/span>\r\n\t\t<\/div>\r\n\t\t\t<div class=\"wptripadvisor_t1_DIV_1 w3_wprs-col l4\">\r\n\t\t\t<div class=\"wptripadvisor_t1_DIV_2 wprev_preview_bg1_T1 wprev_preview_bradius_T1\">\r\n\t\t\t\t<p class=\"wptripadvisor_t1_P_3 wprev_preview_tcolor1_T1\">\r\n\t\t\t\t\t<span class=\"wptripadvisor_star_imgs_T1\"><img decoding=\"async\" src=\"https:\/\/www.goexplorecolombia.com\/wp-content\/plugins\/wp-tripadvisor-review-slider\/public\/partials\/imgs\/tripadvisor_stars_5.png\" alt=\"star rating\" class=\"wptripadvisor_t1_star_img_file\">&nbsp;&nbsp;<\/span><span class=\"wprevrevtitle\">Inolvidable!<\/span>&nbsp;&#8211;&nbsp;Hicimos un viaje con Go Explore a Guain\u00eda y la experiencia fue incre\u00edble. Quedamos con recuerdos inolvidables. La preparaci\u00f3n del viaje fue perfecta por parte de Marcelo y el desarrollo<a class='wprs_rd_more'>&#8230; read more<\/a><span class='wprs_rd_more_text' style='display:none;'> de la misma fue impecable. Lugares majestuosos, gu\u00edas muy queridos y profesionales. Gracias!<\/span>\t\t\t\t<\/p>\r\n\t\t\t\t\t\t\t\t<a href=\"https:\/\/www.tripadvisor.co\/Attraction_Review-g297478-d12862334-Reviews-Go_Explore_Colombia-Medellin_Antioquia_Department.html\" target=\"_blank\" rel=\"nofollow\"><img data-rjs=\"2\" decoding=\"async\" src=\"https:\/\/www.goexplorecolombia.com\/wp-content\/plugins\/wp-tripadvisor-review-slider\/public\/partials\/imgs\/tripadvisor_outline.png\" alt=\"tripadvisor logo\" class=\"wptripadvisor_t1_tripadvisor_logo\"><\/a>\t\t\t<\/div><span class=\"wptripadvisor_t1_A_8\"><\/span> <span class=\"wptripadvisor_t1_SPAN_5 wprev_preview_tcolor2_T1\">andresrobledor22<br\/><span class=\"wprev_showdate_T1\">abril 14, 2023<\/span> <\/span>\r\n\t\t<\/div>\r\n\t\t\t<div class=\"wptripadvisor_t1_DIV_1 w3_wprs-col l4\">\r\n\t\t\t<div class=\"wptripadvisor_t1_DIV_2 wprev_preview_bg1_T1 wprev_preview_bradius_T1\">\r\n\t\t\t\t<p class=\"wptripadvisor_t1_P_3 wprev_preview_tcolor1_T1\">\r\n\t\t\t\t\t<span class=\"wptripadvisor_star_imgs_T1\"><img decoding=\"async\" src=\"https:\/\/www.goexplorecolombia.com\/wp-content\/plugins\/wp-tripadvisor-review-slider\/public\/partials\/imgs\/tripadvisor_stars_5.png\" alt=\"star rating\" class=\"wptripadvisor_t1_star_img_file\">&nbsp;&nbsp;<\/span>Hicimos 3 tours con esta agencia y todos salieron excelente! Ambos gu\u00edas, Germ\u00e1n y Ana, fueron muy buenos y amables! Conocen mucho de su cuidad y se preocupan por asegurar<a class='wprs_rd_more'>&#8230; read more<\/a><span class='wprs_rd_more_text' style='display:none;'> una experiencia completa y bonita. El transporte incluido tambi\u00e9n fue muy c\u00f3modo en veh\u00edculos nuevos. Recomendado<\/span>\t\t\t\t<\/p>\r\n\t\t\t\t\t\t\t\t<a href=\"https:\/\/www.tripadvisor.co\/Attraction_Review-g297478-d12862334-Reviews-Go_Explore_Colombia-Medellin_Antioquia_Department.html\" target=\"_blank\" rel=\"nofollow\"><img data-rjs=\"2\" decoding=\"async\" src=\"https:\/\/www.goexplorecolombia.com\/wp-content\/plugins\/wp-tripadvisor-review-slider\/public\/partials\/imgs\/tripadvisor_outline.png\" alt=\"tripadvisor logo\" class=\"wptripadvisor_t1_tripadvisor_logo\"><\/a>\t\t\t<\/div><span class=\"wptripadvisor_t1_A_8\"><img data-rjs=\"2\" decoding=\"async\" src=\"https:\/\/media-cdn.tripadvisor.com\/media\/photo-l\/04\/3c\/6d\/ec\/crnytraveler.jpg\" alt=\"avatar thumb\" class=\"wptripadvisor_t1_IMG_4\" loading=\"lazy\"\/><\/span> <span class=\"wptripadvisor_t1_SPAN_5 wprev_preview_tcolor2_T1\">Oren M<br\/><span class=\"wprev_showdate_T1\">enero 7, 2023<\/span> <\/span>\r\n\t\t<\/div>\r\n\t\t<\/div>\r\n<!-- This file should primarily consist of HTML with a little bit of PHP. -->\r\n<\/li><li style=\"display:none;\">\t\t<div class=\"wptripadvisor_t1_outer_div w3_wprs-row-padding\">\r\n\t\t\t\t<div class=\"wptripadvisor_t1_DIV_1 w3_wprs-col l4\">\r\n\t\t\t<div class=\"wptripadvisor_t1_DIV_2 wprev_preview_bg1_T1 wprev_preview_bradius_T1\">\r\n\t\t\t\t<p class=\"wptripadvisor_t1_P_3 wprev_preview_tcolor1_T1\">\r\n\t\t\t\t\t<span class=\"wptripadvisor_star_imgs_T1\"><img data-rjs=\"2\" decoding=\"async\" src=\"https:\/\/www.goexplorecolombia.com\/wp-content\/plugins\/wp-tripadvisor-review-slider\/public\/partials\/imgs\/tripadvisor_stars_5.png\" alt=\"star rating\" class=\"wptripadvisor_t1_star_img_file\">&nbsp;&nbsp;<\/span>Go Explore nos organiz\u00f3 un viaje personalizado para 4 personas durante 8 d\u00edas por el Amazonas. Los lugares seleccionados fueron maravillosos por los paisajes y la calidez de los gu\u00edas<a class='wprs_rd_more'>&#8230; read more<\/a><span class='wprs_rd_more_text' style='display:none;'> locales. Adem\u00e1s, cuidaron en ofrecer turismo respetuoso con la conservaci\u00f3n de fauna y flora y con las comunidades ind\u00edgenas. Nos encant\u00f3: Acapu, una reserva natural donde descubrimos sabores amaz\u00f3nicos y aprendimos de plantas medicinales; Maikuchiga, un centro para el rescate y rehabilitaci\u00f3n de micos; y Marasha, un para\u00edso de reserva natural inmersa en una laguna espectacular. <br \/>\r\nRecomendaci\u00f3n importante: llevar botas pantaneras, morrales ligeros (no maletas) y antimosquitos.<\/span>\t\t\t\t<\/p>\r\n\t\t\t\t\t\t\t\t<a href=\"https:\/\/www.tripadvisor.co\/Attraction_Review-g297478-d12862334-Reviews-Go_Explore_Colombia-Medellin_Antioquia_Department.html\" target=\"_blank\" rel=\"nofollow\"><img data-rjs=\"2\" decoding=\"async\" src=\"https:\/\/www.goexplorecolombia.com\/wp-content\/plugins\/wp-tripadvisor-review-slider\/public\/partials\/imgs\/tripadvisor_outline.png\" alt=\"tripadvisor logo\" class=\"wptripadvisor_t1_tripadvisor_logo\"><\/a>\t\t\t<\/div><span class=\"wptripadvisor_t1_A_8\"><img data-rjs=\"2\" decoding=\"async\" src=\"https:\/\/media-cdn.tripadvisor.com\/media\/photo-l\/1a\/f6\/e9\/ef\/default-avatar-2020-66.jpg\" alt=\"avatar thumb\" class=\"wptripadvisor_t1_IMG_4\" loading=\"lazy\"\/><\/span> <span class=\"wptripadvisor_t1_SPAN_5 wprev_preview_tcolor2_T1\">Olleiva<br\/><span class=\"wprev_showdate_T1\">enero 6, 2023<\/span> <\/span>\r\n\t\t<\/div>\r\n\t\t\t<div class=\"wptripadvisor_t1_DIV_1 w3_wprs-col l4\">\r\n\t\t\t<div class=\"wptripadvisor_t1_DIV_2 wprev_preview_bg1_T1 wprev_preview_bradius_T1\">\r\n\t\t\t\t<p class=\"wptripadvisor_t1_P_3 wprev_preview_tcolor1_T1\">\r\n\t\t\t\t\t<span class=\"wptripadvisor_star_imgs_T1\"><img data-rjs=\"2\" decoding=\"async\" src=\"https:\/\/www.goexplorecolombia.com\/wp-content\/plugins\/wp-tripadvisor-review-slider\/public\/partials\/imgs\/tripadvisor_stars_5.png\" alt=\"star rating\" class=\"wptripadvisor_t1_star_img_file\">&nbsp;&nbsp;<\/span>A todos los viajeros si quieren disfrutar sin preocupaciones de Colombia, lo ideal es contratar los servicios de esta agencia son responsables, amables , carismaticos.etc&#8230; <br \/>\r\n<br \/>\r\nRecibimos los servicios<a class='wprs_rd_more'>&#8230; read more<\/a><span class='wprs_rd_more_text' style='display:none;'> de Traslados, visita a la Comuna 13 en Medellin, City tour en Bogot\u00e1, traslados a Andres Carnes Chia, traslados hospedaje -aeropuerto y vice-versa .<br \/>\r\n<br \/>\r\nLos guias un amor, definitivamente volver\u00e9 a Colombia<\/span>\t\t\t\t<\/p>\r\n\t\t\t\t\t\t\t\t<a href=\"https:\/\/www.tripadvisor.co\/Attraction_Review-g297478-d12862334-Reviews-Go_Explore_Colombia-Medellin_Antioquia_Department.html\" target=\"_blank\" rel=\"nofollow\"><img data-rjs=\"2\" decoding=\"async\" src=\"https:\/\/www.goexplorecolombia.com\/wp-content\/plugins\/wp-tripadvisor-review-slider\/public\/partials\/imgs\/tripadvisor_outline.png\" alt=\"tripadvisor logo\" class=\"wptripadvisor_t1_tripadvisor_logo\"><\/a>\t\t\t<\/div><span class=\"wptripadvisor_t1_A_8\"><img data-rjs=\"2\" decoding=\"async\" src=\"https:\/\/media-cdn.tripadvisor.com\/media\/photo-l\/1a\/f6\/ef\/9c\/default-avatar-2020-14.jpg\" alt=\"avatar thumb\" class=\"wptripadvisor_t1_IMG_4\" loading=\"lazy\"\/><\/span> <span class=\"wptripadvisor_t1_SPAN_5 wprev_preview_tcolor2_T1\">MaricrisG2103<br\/><span class=\"wprev_showdate_T1\">octubre 21, 2022<\/span> <\/span>\r\n\t\t<\/div>\r\n\t\t\t<div class=\"wptripadvisor_t1_DIV_1 w3_wprs-col l4\">\r\n\t\t\t<div class=\"wptripadvisor_t1_DIV_2 wprev_preview_bg1_T1 wprev_preview_bradius_T1\">\r\n\t\t\t\t<p class=\"wptripadvisor_t1_P_3 wprev_preview_tcolor1_T1\">\r\n\t\t\t\t\t<span class=\"wptripadvisor_star_imgs_T1\"><img decoding=\"async\" src=\"https:\/\/www.goexplorecolombia.com\/wp-content\/plugins\/wp-tripadvisor-review-slider\/public\/partials\/imgs\/tripadvisor_stars_5.png\" alt=\"star rating\" class=\"wptripadvisor_t1_star_img_file\">&nbsp;&nbsp;<\/span>Desde el d\u00eda 1 Marcelo y su equipo nos acompa\u00f1\u00f3 en cada paso, desde la planeaci\u00f3n hasta el \u00faltimo d\u00eda, todo su equipo de trabajo se comport\u00f3 incre\u00edble con nosotras,<a class='wprs_rd_more'>&#8230; read more<\/a><span class='wprs_rd_more_text' style='display:none;'> el servicio, la calidad, el acompa\u00f1amiento de las personas, nos hicieron sentir como en casa. Los tour creo que estuvieron muy acertados porque aprovechamos cada minuto, conocimos lugares y personas incre\u00edbles como Luca, Santi, Gaby, Duber, Marco, Iv\u00e1n, solo nos quedaron ganas de volver!! Desde  un saludo de las tres hermanas!!<\/span>\t\t\t\t<\/p>\r\n\t\t\t\t\t\t\t\t<a href=\"https:\/\/www.tripadvisor.co\/Attraction_Review-g297478-d12862334-Reviews-Go_Explore_Colombia-Medellin_Antioquia_Department.html\" target=\"_blank\" rel=\"nofollow\"><img data-rjs=\"2\" decoding=\"async\" src=\"https:\/\/www.goexplorecolombia.com\/wp-content\/plugins\/wp-tripadvisor-review-slider\/public\/partials\/imgs\/tripadvisor_outline.png\" alt=\"tripadvisor logo\" class=\"wptripadvisor_t1_tripadvisor_logo\"><\/a>\t\t\t<\/div><span class=\"wptripadvisor_t1_A_8\"><\/span> <span class=\"wptripadvisor_t1_SPAN_5 wprev_preview_tcolor2_T1\">CisbelS<br\/><span class=\"wprev_showdate_T1\">octubre 9, 2022<\/span> <\/span>\r\n\t\t<\/div>\r\n\t\t<\/div>\r\n<!-- This file should primarily consist of HTML with a little bit of PHP. -->\r\n<\/li><\/ul><\/div>\r\n\n\t\t\t\t\t\t\t\t<\/div>\n\t\t\t\t<\/div>\n\t\t\t\t\t<\/div>\n\t\t<\/div>\n\t\t\t\t\t<\/div>\n\t\t<\/section>\n\t\t\t\t<section class=\"elementor-section elementor-top-section elementor-element elementor-element-7c904f2 elementor-section-boxed elementor-section-height-default elementor-section-height-default\" data-id=\"7c904f2\" data-element_type=\"section\">\n\t\t\t\t\t\t<div class=\"elementor-container elementor-column-gap-default\">\n\t\t\t\t\t<div class=\"elementor-column elementor-col-33 elementor-top-column elementor-element elementor-element-9c9203f\" data-id=\"9c9203f\" data-element_type=\"column\">\n\t\t\t<div class=\"elementor-widget-wrap elementor-element-populated\">\n\t\t\t\t\t\t<div class=\"elementor-element elementor-element-fef0833 elementor-widget elementor-widget-image\" data-id=\"fef0833\" data-element_type=\"widget\" data-widget_type=\"image.default\">\n\t\t\t\t<div class=\"elementor-widget-container\">\n\t\t\t\t\t\t\t\t\t\t\t\t\t\t\t<img data-rjs=\"2\" loading=\"lazy\" decoding=\"async\" width=\"597\" height=\"170\" src=\"https:\/\/www.goexplorecolombia.com\/wp-content\/uploads\/2022\/01\/logo_-_parques_nacionales_de_colombia.jpeg\" class=\"attachment-large size-large wp-image-710\" alt=\"\" srcset=\"\/\/www.goexplorecolombia.com\/wp-content\/uploads\/2022\/01\/logo_-_parques_nacionales_de_colombia.jpeg 597w, \/\/www.goexplorecolombia.com\/wp-content\/uploads\/2022\/01\/logo_-_parques_nacionales_de_colombia-300x85.jpeg 300w, \/\/www.goexplorecolombia.com\/wp-content\/uploads\/2022\/01\/logo_-_parques_nacionales_de_colombia-527x150.jpeg 527w, \/\/www.goexplorecolombia.com\/wp-content\/uploads\/2022\/01\/logo_-_parques_nacionales_de_colombia-281x80.jpeg 281w, \/\/www.goexplorecolombia.com\/wp-content\/uploads\/2022\/01\/logo_-_parques_nacionales_de_colombia-394x112.jpeg 394w\" sizes=\"(max-width: 597px) 100vw, 597px\" \/>\t\t\t\t\t\t\t\t\t\t\t\t\t\t\t<\/div>\n\t\t\t\t<\/div>\n\t\t\t\t\t<\/div>\n\t\t<\/div>\n\t\t\t\t<div class=\"elementor-column elementor-col-33 elementor-top-column elementor-element elementor-element-8ed3932\" data-id=\"8ed3932\" data-element_type=\"column\">\n\t\t\t<div class=\"elementor-widget-wrap elementor-element-populated\">\n\t\t\t\t\t\t<div class=\"elementor-element elementor-element-2eaab7e elementor-widget elementor-widget-image\" data-id=\"2eaab7e\" data-element_type=\"widget\" data-widget_type=\"image.default\">\n\t\t\t\t<div class=\"elementor-widget-container\">\n\t\t\t\t\t\t\t\t\t\t\t\t\t\t\t<img data-rjs=\"2\" loading=\"lazy\" decoding=\"async\" width=\"355\" height=\"122\" src=\"https:\/\/www.goexplorecolombia.com\/wp-content\/uploads\/2022\/01\/images-2.jpg\" class=\"attachment-full size-full wp-image-716\" alt=\"\" srcset=\"\/\/www.goexplorecolombia.com\/wp-content\/uploads\/2022\/01\/images-2.jpg 355w, \/\/www.goexplorecolombia.com\/wp-content\/uploads\/2022\/01\/images-2-300x103.jpg 300w, \/\/www.goexplorecolombia.com\/wp-content\/uploads\/2022\/01\/images-2-233x80.jpg 233w\" sizes=\"(max-width: 355px) 100vw, 355px\" \/>\t\t\t\t\t\t\t\t\t\t\t\t\t\t\t<\/div>\n\t\t\t\t<\/div>\n\t\t\t\t\t<\/div>\n\t\t<\/div>\n\t\t\t\t<div class=\"elementor-column elementor-col-33 elementor-top-column elementor-element elementor-element-f94093a\" data-id=\"f94093a\" data-element_type=\"column\">\n\t\t\t<div class=\"elementor-widget-wrap elementor-element-populated\">\n\t\t\t\t\t\t<div class=\"elementor-element elementor-element-4b5d6ee elementor-widget elementor-widget-image\" data-id=\"4b5d6ee\" data-element_type=\"widget\" data-widget_type=\"image.default\">\n\t\t\t\t<div class=\"elementor-widget-container\">\n\t\t\t\t\t\t\t\t\t\t\t\t\t\t\t<img data-rjs=\"2\" loading=\"lazy\" decoding=\"async\" width=\"400\" height=\"103\" src=\"https:\/\/www.goexplorecolombia.com\/wp-content\/uploads\/2022\/01\/ACOTUR-LOGO-AI-01-1.jpg\" class=\"attachment-large size-large wp-image-722\" alt=\"\" srcset=\"\/\/www.goexplorecolombia.com\/wp-content\/uploads\/2022\/01\/ACOTUR-LOGO-AI-01-1.jpg 400w, \/\/www.goexplorecolombia.com\/wp-content\/uploads\/2022\/01\/ACOTUR-LOGO-AI-01-1-300x77.jpg 300w, \/\/www.goexplorecolombia.com\/wp-content\/uploads\/2022\/01\/ACOTUR-LOGO-AI-01-1-311x80.jpg 311w, \/\/www.goexplorecolombia.com\/wp-content\/uploads\/2022\/01\/ACOTUR-LOGO-AI-01-1-394x101.jpg 394w\" sizes=\"(max-width: 400px) 100vw, 400px\" \/>\t\t\t\t\t\t\t\t\t\t\t\t\t\t\t<\/div>\n\t\t\t\t<\/div>\n\t\t\t\t\t<\/div>\n\t\t<\/div>\n\t\t\t\t\t<\/div>\n\t\t<\/section>\n\t\t\t\t<\/div>\n\t\t","protected":false},"excerpt":{"rendered":"<p>QUEREMOS INVITARTE A DISFRUTAR DE UN PA\u00cdS M\u00c1GICO Colombia es un destino m\u00e1gico, un pa\u00eds lleno de historias, culturas y colores que sorprenden, \u00a0despertando nuestra curiosidad por recorrer cada uno de sus rincones. Recorrimos todos nuestros destinos para llevarte de &hellip; <a href=\"https:\/\/www.goexplorecolombia.com\/es\/tour\/tour-por-colombia-viaje-al-sur-por-las-montanas-de-colombia\/\">Read More<\/a><\/p>\n","protected":false},"author":1,"featured_media":4976,"parent":0,"menu_order":1,"comment_status":"closed","ping_status":"closed","template":"","meta":{"footnotes":""},"class_list":["post-37","page","type-page","status-publish","has-post-thumbnail","hentry"],"yoast_head":"<!-- This site is optimized with the Yoast SEO Premium plugin v25.4 (Yoast SEO v26.6) - https:\/\/yoast.com\/wordpress\/plugins\/seo\/ -->\n<title>Go Explore Colombia. Naturaleza, Cultura y Aventura.<\/title>\n<meta name=\"description\" content=\"Descubre los destinos m\u00e1s ex\u00f3ticos y las actividades de naturaleza, cultura y aventura m\u00e1s asombrosas de Colombia, con Go Explore Colombia.\" \/>\n<meta name=\"robots\" content=\"index, follow, max-snippet:-1, max-image-preview:large, max-video-preview:-1\" \/>\n<link rel=\"canonical\" href=\"https:\/\/www.goexplorecolombia.com\/es\/go-explore-colombia-agencia\/\" \/>\n<meta property=\"og:locale\" content=\"es_ES\" \/>\n<meta property=\"og:type\" content=\"article\" \/>\n<meta property=\"og:title\" content=\"Bienvenido a Go Explore Colombia\" \/>\n<meta property=\"og:description\" content=\"Descubre los destinos m\u00e1s ex\u00f3ticos y las actividades de naturaleza, cultura y aventura m\u00e1s asombrosas de Colombia, con Go Explore Colombia.\" \/>\n<meta property=\"og:url\" content=\"https:\/\/www.goexplorecolombia.com\/es\/go-explore-colombia-agencia\/\" \/>\n<meta property=\"og:site_name\" content=\"Go Explore Colombia\" \/>\n<meta property=\"article:publisher\" content=\"http:\/\/www.facebook.com\/goexplorecolombia\/\" \/>\n<meta property=\"article:modified_time\" content=\"2025-09-25T05:06:45+00:00\" \/>\n<meta property=\"og:image\" content=\"http:\/\/www.goexplorecolombia.com\/wp-content\/uploads\/2022\/01\/20160103_122839.jpg\" \/>\n\t<meta property=\"og:image:width\" content=\"1920\" \/>\n\t<meta property=\"og:image:height\" content=\"1080\" \/>\n\t<meta property=\"og:image:type\" content=\"image\/jpeg\" \/>\n<meta name=\"twitter:label1\" content=\"Tiempo de lectura\" \/>\n\t<meta name=\"twitter:data1\" content=\"17 minutos\" \/>\n<script type=\"application\/ld+json\" class=\"yoast-schema-graph\">{\"@context\":\"https:\/\/schema.org\",\"@graph\":[{\"@type\":\"WebPage\",\"@id\":\"https:\/\/www.goexplorecolombia.com\/es\/go-explore-colombia-agencia\/\",\"url\":\"https:\/\/www.goexplorecolombia.com\/es\/go-explore-colombia-agencia\/\",\"name\":\"Go Explore Colombia. Naturaleza, Cultura y Aventura.\",\"isPartOf\":{\"@id\":\"https:\/\/www.goexplorecolombia.com\/es\/#website\"},\"primaryImageOfPage\":{\"@id\":\"https:\/\/www.goexplorecolombia.com\/es\/go-explore-colombia-agencia\/#primaryimage\"},\"image\":{\"@id\":\"https:\/\/www.goexplorecolombia.com\/es\/go-explore-colombia-agencia\/#primaryimage\"},\"thumbnailUrl\":\"https:\/\/www.goexplorecolombia.com\/wp-content\/uploads\/2022\/01\/20160103_122839.jpg\",\"datePublished\":\"2017-06-30T21:55:04+00:00\",\"dateModified\":\"2025-09-25T05:06:45+00:00\",\"description\":\"Descubre los destinos m\u00e1s ex\u00f3ticos y las actividades de naturaleza, cultura y aventura m\u00e1s asombrosas de Colombia, con Go Explore Colombia.\",\"breadcrumb\":{\"@id\":\"https:\/\/www.goexplorecolombia.com\/es\/go-explore-colombia-agencia\/#breadcrumb\"},\"inLanguage\":\"es\",\"potentialAction\":[{\"@type\":\"ReadAction\",\"target\":[\"https:\/\/www.goexplorecolombia.com\/es\/go-explore-colombia-agencia\/\"]}]},{\"@type\":\"ImageObject\",\"inLanguage\":\"es\",\"@id\":\"https:\/\/www.goexplorecolombia.com\/es\/go-explore-colombia-agencia\/#primaryimage\",\"url\":\"https:\/\/www.goexplorecolombia.com\/wp-content\/uploads\/2022\/01\/20160103_122839.jpg\",\"contentUrl\":\"https:\/\/www.goexplorecolombia.com\/wp-content\/uploads\/2022\/01\/20160103_122839.jpg\",\"width\":1920,\"height\":1080,\"caption\":\"Go Explore Colombia\"},{\"@type\":\"BreadcrumbList\",\"@id\":\"https:\/\/www.goexplorecolombia.com\/es\/go-explore-colombia-agencia\/#breadcrumb\",\"itemListElement\":[{\"@type\":\"ListItem\",\"position\":1,\"name\":\"Portada\",\"item\":\"https:\/\/www.goexplorecolombia.com\/es\/\"},{\"@type\":\"ListItem\",\"position\":2,\"name\":\"Bienvenido a Go Explore Colombia\"}]},{\"@type\":\"WebSite\",\"@id\":\"https:\/\/www.goexplorecolombia.com\/es\/#website\",\"url\":\"https:\/\/www.goexplorecolombia.com\/es\/\",\"name\":\"Go Explore Colombia\",\"description\":\"Viajes de Cultura y Aventura en Colombia\",\"potentialAction\":[{\"@type\":\"SearchAction\",\"target\":{\"@type\":\"EntryPoint\",\"urlTemplate\":\"https:\/\/www.goexplorecolombia.com\/es\/?s={search_term_string}\"},\"query-input\":{\"@type\":\"PropertyValueSpecification\",\"valueRequired\":true,\"valueName\":\"search_term_string\"}}],\"inLanguage\":\"es\"}]}<\/script>\n<!-- \/ Yoast SEO Premium plugin. -->","yoast_head_json":{"title":"Go Explore Colombia. Naturaleza, Cultura y Aventura.","description":"Descubre los destinos m\u00e1s ex\u00f3ticos y las actividades de naturaleza, cultura y aventura m\u00e1s asombrosas de Colombia, con Go Explore Colombia.","robots":{"index":"index","follow":"follow","max-snippet":"max-snippet:-1","max-image-preview":"max-image-preview:large","max-video-preview":"max-video-preview:-1"},"canonical":"https:\/\/www.goexplorecolombia.com\/es\/go-explore-colombia-agencia\/","og_locale":"es_ES","og_type":"article","og_title":"Bienvenido a Go Explore Colombia","og_description":"Descubre los destinos m\u00e1s ex\u00f3ticos y las actividades de naturaleza, cultura y aventura m\u00e1s asombrosas de Colombia, con Go Explore Colombia.","og_url":"https:\/\/www.goexplorecolombia.com\/es\/go-explore-colombia-agencia\/","og_site_name":"Go Explore Colombia","article_publisher":"http:\/\/www.facebook.com\/goexplorecolombia\/","article_modified_time":"2025-09-25T05:06:45+00:00","og_image":[{"width":1920,"height":1080,"url":"http:\/\/www.goexplorecolombia.com\/wp-content\/uploads\/2022\/01\/20160103_122839.jpg","type":"image\/jpeg"}],"twitter_misc":{"Tiempo de lectura":"17 minutos"},"schema":{"@context":"https:\/\/schema.org","@graph":[{"@type":"WebPage","@id":"https:\/\/www.goexplorecolombia.com\/es\/go-explore-colombia-agencia\/","url":"https:\/\/www.goexplorecolombia.com\/es\/go-explore-colombia-agencia\/","name":"Go Explore Colombia. Naturaleza, Cultura y Aventura.","isPartOf":{"@id":"https:\/\/www.goexplorecolombia.com\/es\/#website"},"primaryImageOfPage":{"@id":"https:\/\/www.goexplorecolombia.com\/es\/go-explore-colombia-agencia\/#primaryimage"},"image":{"@id":"https:\/\/www.goexplorecolombia.com\/es\/go-explore-colombia-agencia\/#primaryimage"},"thumbnailUrl":"https:\/\/www.goexplorecolombia.com\/wp-content\/uploads\/2022\/01\/20160103_122839.jpg","datePublished":"2017-06-30T21:55:04+00:00","dateModified":"2025-09-25T05:06:45+00:00","description":"Descubre los destinos m\u00e1s ex\u00f3ticos y las actividades de naturaleza, cultura y aventura m\u00e1s asombrosas de Colombia, con Go Explore Colombia.","breadcrumb":{"@id":"https:\/\/www.goexplorecolombia.com\/es\/go-explore-colombia-agencia\/#breadcrumb"},"inLanguage":"es","potentialAction":[{"@type":"ReadAction","target":["https:\/\/www.goexplorecolombia.com\/es\/go-explore-colombia-agencia\/"]}]},{"@type":"ImageObject","inLanguage":"es","@id":"https:\/\/www.goexplorecolombia.com\/es\/go-explore-colombia-agencia\/#primaryimage","url":"https:\/\/www.goexplorecolombia.com\/wp-content\/uploads\/2022\/01\/20160103_122839.jpg","contentUrl":"https:\/\/www.goexplorecolombia.com\/wp-content\/uploads\/2022\/01\/20160103_122839.jpg","width":1920,"height":1080,"caption":"Go Explore Colombia"},{"@type":"BreadcrumbList","@id":"https:\/\/www.goexplorecolombia.com\/es\/go-explore-colombia-agencia\/#breadcrumb","itemListElement":[{"@type":"ListItem","position":1,"name":"Portada","item":"https:\/\/www.goexplorecolombia.com\/es\/"},{"@type":"ListItem","position":2,"name":"Bienvenido a Go Explore Colombia"}]},{"@type":"WebSite","@id":"https:\/\/www.goexplorecolombia.com\/es\/#website","url":"https:\/\/www.goexplorecolombia.com\/es\/","name":"Go Explore Colombia","description":"Viajes de Cultura y Aventura en Colombia","potentialAction":[{"@type":"SearchAction","target":{"@type":"EntryPoint","urlTemplate":"https:\/\/www.goexplorecolombia.com\/es\/?s={search_term_string}"},"query-input":{"@type":"PropertyValueSpecification","valueRequired":true,"valueName":"search_term_string"}}],"inLanguage":"es"}]}},"_links":{"self":[{"href":"https:\/\/www.goexplorecolombia.com\/es\/wp-json\/wp\/v2\/pages\/37","targetHints":{"allow":["GET"]}}],"collection":[{"href":"https:\/\/www.goexplorecolombia.com\/es\/wp-json\/wp\/v2\/pages"}],"about":[{"href":"https:\/\/www.goexplorecolombia.com\/es\/wp-json\/wp\/v2\/types\/page"}],"author":[{"embeddable":true,"href":"https:\/\/www.goexplorecolombia.com\/es\/wp-json\/wp\/v2\/users\/1"}],"replies":[{"embeddable":true,"href":"https:\/\/www.goexplorecolombia.com\/es\/wp-json\/wp\/v2\/comments?post=37"}],"version-history":[{"count":4,"href":"https:\/\/www.goexplorecolombia.com\/es\/wp-json\/wp\/v2\/pages\/37\/revisions"}],"predecessor-version":[{"id":11098,"href":"https:\/\/www.goexplorecolombia.com\/es\/wp-json\/wp\/v2\/pages\/37\/revisions\/11098"}],"wp:featuredmedia":[{"embeddable":true,"href":"https:\/\/www.goexplorecolombia.com\/es\/wp-json\/wp\/v2\/media\/4976"}],"wp:attachment":[{"href":"https:\/\/www.goexplorecolombia.com\/es\/wp-json\/wp\/v2\/media?parent=37"}],"curies":[{"name":"wp","href":"https:\/\/api.w.org\/{rel}","templated":true}]}}